{"id":167,"date":"2025-02-07T13:25:24","date_gmt":"2025-02-07T13:25:24","guid":{"rendered":"https:\/\/devvimpelles.albys.com\/?page_id=167"},"modified":"2025-06-20T14:01:06","modified_gmt":"2025-06-20T14:01:06","slug":"histoire-et-patrimoine","status":"publish","type":"page","link":"https:\/\/mairie-vimpelles.fr\/index.php\/histoire-et-patrimoine\/","title":{"rendered":"Histoire et patrimoine"},"content":{"rendered":"<p>[et_pb_section fb_built=\u00a0\u00bb1&Prime; _builder_version=\u00a0\u00bb4.27.4&Prime; _module_preset=\u00a0\u00bbdefault\u00a0\u00bb background_color=\u00a0\u00bb#27584D\u00a0\u00bb custom_margin=\u00a0\u00bb-5vw||||false|false\u00a0\u00bb global_colors_info=\u00a0\u00bb{}\u00a0\u00bb][et_pb_row _builder_version=\u00a0\u00bb4.27.4&Prime; _module_preset=\u00a0\u00bbdefault\u00a0\u00bb animation_style=\u00a0\u00bbfade\u00a0\u00bb animation_duration=\u00a0\u00bb1200ms\u00a0\u00bb global_colors_info=\u00a0\u00bb{}\u00a0\u00bb][et_pb_column type=\u00a0\u00bb4_4&Prime; _builder_version=\u00a0\u00bb4.27.4&Prime; _module_preset=\u00a0\u00bbdefault\u00a0\u00bb global_colors_info=\u00a0\u00bb{}\u00a0\u00bb][et_pb_text _builder_version=\u00a0\u00bb4.27.4&Prime; _module_preset=\u00a0\u00bbdefault\u00a0\u00bb header_font=\u00a0\u00bb|700||on|||||\u00a0\u00bb header_text_align=\u00a0\u00bbcenter\u00a0\u00bb header_text_color=\u00a0\u00bb#FFFFFF\u00a0\u00bb header_font_size=\u00a0\u00bb55px\u00a0\u00bb global_colors_info=\u00a0\u00bb{}\u00a0\u00bb]<\/p>\n<h1>histoire et patrimoine<\/h1>\n<p>[\/et_pb_text][\/et_pb_column][\/et_pb_row][\/et_pb_section][et_pb_section fb_built=\u00a0\u00bb1&Prime; admin_label=\u00a0\u00bbHeader\u00a0\u00bb _builder_version=\u00a0\u00bb4.20.0&Prime; _module_preset=\u00a0\u00bbdefault\u00a0\u00bb collapsed=\u00a0\u00bbon\u00a0\u00bb global_colors_info=\u00a0\u00bb{}\u00a0\u00bb][et_pb_row column_structure=\u00a0\u00bb1_2,1_2&Prime; _builder_version=\u00a0\u00bb4.20.0&Prime; _module_preset=\u00a0\u00bbdefault\u00a0\u00bb global_colors_info=\u00a0\u00bb{}\u00a0\u00bb][et_pb_column type=\u00a0\u00bb1_2&Prime; _builder_version=\u00a0\u00bb4.20.0&Prime; _module_preset=\u00a0\u00bbdefault\u00a0\u00bb global_colors_info=\u00a0\u00bb{}\u00a0\u00bb][et_pb_text _builder_version=\u00a0\u00bb4.27.4&Prime; _module_preset=\u00a0\u00bb_initial\u00a0\u00bb global_colors_info=\u00a0\u00bb{}\u00a0\u00bb]<\/p>\n<h1>\u00c0 Propos de Vimpelles<\/h1>\n<p>[\/et_pb_text][et_pb_divider color=\u00a0\u00bb#4FA591&Prime; divider_weight=\u00a0\u00bb4px\u00a0\u00bb _builder_version=\u00a0\u00bb4.27.4&Prime; _module_preset=\u00a0\u00bbdefault\u00a0\u00bb max_width=\u00a0\u00bb20%\u00a0\u00bb global_colors_info=\u00a0\u00bb{}\u00a0\u00bb][\/et_pb_divider][\/et_pb_column][et_pb_column type=\u00a0\u00bb1_2&Prime; _builder_version=\u00a0\u00bb4.20.0&Prime; _module_preset=\u00a0\u00bbdefault\u00a0\u00bb global_colors_info=\u00a0\u00bb{}\u00a0\u00bb][\/et_pb_column][\/et_pb_row][et_pb_row column_structure=\u00a0\u00bb3_5,2_5&Prime; _builder_version=\u00a0\u00bb4.27.4&Prime; _module_preset=\u00a0\u00bbdefault\u00a0\u00bb custom_padding=\u00a0\u00bb0px||||false|false\u00a0\u00bb global_colors_info=\u00a0\u00bb{}\u00a0\u00bb][et_pb_column type=\u00a0\u00bb3_5&Prime; _builder_version=\u00a0\u00bb4.20.0&Prime; _module_preset=\u00a0\u00bbdefault\u00a0\u00bb global_colors_info=\u00a0\u00bb{}\u00a0\u00bb][et_pb_text _builder_version=\u00a0\u00bb4.27.4&Prime; _module_preset=\u00a0\u00bb67fcce40-abf1-4a0e-a204-9e3940126241&Prime; text_font=\u00a0\u00bb||||||||\u00a0\u00bb text_font_size=\u00a0\u00bb16px\u00a0\u00bb text_line_height=\u00a0\u00bb1.6em\u00a0\u00bb text_font_size_tablet=\u00a0\u00bb15px\u00a0\u00bb global_colors_info=\u00a0\u00bb{}\u00a0\u00bb]<\/p>\n<p><strong>La commune de Vimpelles<\/strong> s&rsquo;\u00e9tend sur 1133 hectares, \u00e0 cheval sur le Montois et la Bass\u00e9e. Au nord, on trouve une plaine riche et cultiv\u00e9e, tandis que la partie sud est occup\u00e9e par le Bas Pays, moins cultiv\u00e9, plus bois\u00e9 et mar\u00e9cageux (La Bass\u00e9e), mais sableux, d&rsquo;o\u00f9 la pr\u00e9sence de sabli\u00e8res.<strong> Le territoire de la commune est travers\u00e9 par l&rsquo;Auxence qui, en arrivant au village, prend le nom de \u00ab\u00a0Vieille Seine\u00a0\u00bb.<\/strong> Au sud, l&rsquo;ancien lit de la Seine et ses m\u00e9andres servent de limite avec la commune de Bazoches-l\u00e8s-Bray.<\/p>\n<p>La commune est limitrophe avec Donnemarie-Dontilly au nord, Luisetaines \u00e0 l&rsquo;est, Saint-Sauveur-l\u00e8s-Bray au sud-est, Balloy et Bazoches-l\u00e8s-Bray au sud-ouest, et \u00c9gligny \u00e0 l&rsquo;ouest. Outre le village de Vimpelles, la commune comprend d&rsquo;autres hameaux, dont le plus important est Cutrelles, situ\u00e9 \u00e0 environ deux kilom\u00e8tres au nord. Les autres hameaux plus petits sont Volangis, \u00e9galement connu sous le nom de \u00ab\u00a0la gare de Vimpelles\u00a0\u00bb, Parouzeau et Champ-le-Roi.<\/p>\n<p>Administrativement, depuis mars 2015, nous faisons partie du canton de Provins. Nous \u00e9tions reli\u00e9s \u00e0 Donnemarie-Dontilly, mais Bray-sur-Seine reste aussi un p\u00f4le d&rsquo;attraction important, les distances \u00e9tant comparables, tout comme Montereau et Provins, situ\u00e9s chacun \u00e0 une vingtaine de kilom\u00e8tres.<\/p>\n<p>Suite au recensement de 2021 :<br \/><strong>La population de notre village s\u2019\u00e9l\u00e8ve \u00e0 515.<a href=\"https:\/\/www.insee.fr\/fr\/statistiques\/2011101?geo=COM-77524#tableau-POP_G2\"> (source : INSEE)<\/a><\/strong><\/p>\n<p align=\"center\" class=\"texte\">[\/et_pb_text][et_pb_image src=\u00a0\u00bbhttps:\/\/devvimpelles.albys.com\/wp-content\/uploads\/2025\/03\/population.png\u00a0\u00bb title_text=\u00a0\u00bbpopulation\u00a0\u00bb _builder_version=\u00a0\u00bb4.27.4&Prime; _module_preset=\u00a0\u00bbdefault\u00a0\u00bb global_colors_info=\u00a0\u00bb{}\u00a0\u00bb][\/et_pb_image][\/et_pb_column][et_pb_column type=\u00a0\u00bb2_5&Prime; _builder_version=\u00a0\u00bb4.20.0&Prime; _module_preset=\u00a0\u00bbdefault\u00a0\u00bb global_colors_info=\u00a0\u00bb{}\u00a0\u00bb][et_pb_image src=\u00a0\u00bbhttps:\/\/devvimpelles.albys.com\/wp-content\/uploads\/2025\/01\/blason.jpg\u00a0\u00bb title_text=\u00a0\u00bbblason\u00a0\u00bb align=\u00a0\u00bbcenter\u00a0\u00bb _builder_version=\u00a0\u00bb4.27.4&Prime; _module_preset=\u00a0\u00bbdefault\u00a0\u00bb max_width=\u00a0\u00bb50%\u00a0\u00bb global_colors_info=\u00a0\u00bb{}\u00a0\u00bb][\/et_pb_image][et_pb_toggle title=\u00a0\u00bbD\u00e9couvrir la description du blason\u00a0\u00bb icon_color=\u00a0\u00bb#4FA591&Prime; _builder_version=\u00a0\u00bb4.27.4&Prime; _module_preset=\u00a0\u00bbdefault\u00a0\u00bb global_colors_info=\u00a0\u00bb{}\u00a0\u00bb]<\/p>\n<p class=\"texte\">\u00a0\u00bb de sinople aux deux cotices ond\u00e9es abaiss\u00e9es d&rsquo;azur bord\u00e9es d&rsquo;argent, \u00e0 la fleur de lys d&rsquo;or brochant sur le tout en ab\u00eeme, accompagn\u00e9es en chef de deux \u00e9pis de bl\u00e9 d&rsquo;or pos\u00e9s en chevron renvers\u00e9 et surmont\u00e9s \u00e0 dextre d&rsquo;une hure de sanglier de m\u00eame d\u00e9fendue d&rsquo;argent \u00ab\u00a0<\/p>\n<p class=\"texte\">Explication des termes h\u00e9raldiques :<br \/>***********************<br \/>* sinople = couleur verte<br \/>* cotices = petites pi\u00e8ces en diagonale<br \/>* abaiss\u00e9es = par rapport au milieu du blason<br \/>* brochant = se superposant<br \/>* en ab\u00eeme = au centre<br \/>* en chef = vers le haut du blason<br \/>* en chevron renvers\u00e9 = en forme de \u00a0\u00bb V \u00ab\u00a0<br \/>* \u00e0 dextre = invers\u00e9 par rapport \u00e0 celui qui \u00ab regarde \u00bb le blason, donc \u00e0 gauche quand on regarde le blason<br \/>* hure = t\u00eate<br \/>* d\u00e9fendue = \u00e0 la d\u00e9fense (quand de couleur diff\u00e9rente de la t\u00eate)<\/p>\n<p class=\"texte\">Explication des symboles<br \/>**************<br \/>* le bl\u00e9 en forme de chevron renvers\u00e9 repr\u00e9sente la forme la 1\u00e8re lettre du nom de la commune<br \/>* la couleur verte et le bl\u00e9 repr\u00e9sentent l&rsquo;agriculture<br \/>* les fleurs de lys sont dans le blason de l&rsquo;Ile de France<br \/>* les JavaScripts repr\u00e9sentent la Seine et l&rsquo;Auxence qui arrosent la commune<br \/>* le sanglier symbolise l\u2019attribut de St Cyr et il peut \u00e9voquer aussi la chasse<\/p>\n<p>[\/et_pb_toggle][\/et_pb_column][\/et_pb_row][\/et_pb_section][et_pb_section fb_built=\u00a0\u00bb1&Prime; admin_label=\u00a0\u00bbFeature\u00a0\u00bb _builder_version=\u00a0\u00bb4.20.0&Prime; _module_preset=\u00a0\u00bbdefault\u00a0\u00bb custom_padding=\u00a0\u00bb0px||0px||true|false\u00a0\u00bb locked=\u00a0\u00bboff\u00a0\u00bb collapsed=\u00a0\u00bbon\u00a0\u00bb global_colors_info=\u00a0\u00bb{}\u00a0\u00bb][et_pb_row column_structure=\u00a0\u00bb1_2,1_2&Prime; use_custom_gutter=\u00a0\u00bbon\u00a0\u00bb gutter_width=\u00a0\u00bb1&Prime; make_equal=\u00a0\u00bbon\u00a0\u00bb _builder_version=\u00a0\u00bb4.27.4&Prime; _module_preset=\u00a0\u00bbdefault\u00a0\u00bb width=\u00a0\u00bb100%\u00a0\u00bb max_width=\u00a0\u00bbnone\u00a0\u00bb custom_padding=\u00a0\u00bb0px||0px||true|false\u00a0\u00bb global_colors_info=\u00a0\u00bb{}\u00a0\u00bb][et_pb_column type=\u00a0\u00bb1_2&Prime; _builder_version=\u00a0\u00bb4.27.4&Prime; _module_preset=\u00a0\u00bbdefault\u00a0\u00bb background_color=\u00a0\u00bb#27584D\u00a0\u00bb background_enable_image=\u00a0\u00bboff\u00a0\u00bb custom_padding=\u00a0\u00bb10vw|10vw|10vw|10vw|true|true\u00a0\u00bb box_shadow_style=\u00a0\u00bbpreset4&Prime; box_shadow_horizontal=\u00a0\u00bb0px\u00a0\u00bb box_shadow_vertical=\u00a0\u00bb0px\u00a0\u00bb box_shadow_spread=\u00a0\u00bb6vw\u00a0\u00bb box_shadow_color=\u00a0\u00bb#FFFFFF\u00a0\u00bb box_shadow_position=\u00a0\u00bbinner\u00a0\u00bb global_colors_info=\u00a0\u00bb{}\u00a0\u00bb][et_pb_image src=\u00a0\u00bbhttps:\/\/devvimpelles.albys.com\/wp-content\/uploads\/2025\/03\/U102527.jpg\u00a0\u00bb alt=\u00a0\u00bbA black and white photo of a building with a clock tower\u00a0\u00bb title_text=\u00a0\u00bbU102527&Prime; align=\u00a0\u00bbcenter\u00a0\u00bb _builder_version=\u00a0\u00bb4.27.4&Prime; _module_preset=\u00a0\u00bbdefault\u00a0\u00bb animation_style=\u00a0\u00bbflip\u00a0\u00bb animation_duration=\u00a0\u00bb1200ms\u00a0\u00bb border_radii=\u00a0\u00bbon|5px|5px|5px|5px\u00a0\u00bb border_width_all=\u00a0\u00bb10px\u00a0\u00bb border_color_all=\u00a0\u00bb#FFFFFF\u00a0\u00bb global_colors_info=\u00a0\u00bb{}\u00a0\u00bb][\/et_pb_image][\/et_pb_column][et_pb_column type=\u00a0\u00bb1_2&Prime; _builder_version=\u00a0\u00bb4.27.4&Prime; _module_preset=\u00a0\u00bbdefault\u00a0\u00bb background_color=\u00a0\u00bbrgba(39,88,77,0.16)\u00a0\u00bb custom_padding=\u00a0\u00bb8vw|8vw|8vw|8vw|true|true\u00a0\u00bb global_colors_info=\u00a0\u00bb{}\u00a0\u00bb][et_pb_text _builder_version=\u00a0\u00bb4.27.4&Prime; _module_preset=\u00a0\u00bbf4d73cd6-f7dd-4c2d-ada3-03fb0cab08fa\u00a0\u00bb header_2_font=\u00a0\u00bb|700|||||||\u00a0\u00bb header_2_font_size=\u00a0\u00bb40px\u00a0\u00bb custom_margin=\u00a0\u00bb||30px||false|false\u00a0\u00bb global_colors_info=\u00a0\u00bb{}\u00a0\u00bb]<\/p>\n<h2>L&rsquo;\u00c9glise<\/h2>\n<p>[\/et_pb_text][et_pb_divider color=\u00a0\u00bb#4FA591&Prime; divider_weight=\u00a0\u00bb4px\u00a0\u00bb _builder_version=\u00a0\u00bb4.27.4&Prime; _module_preset=\u00a0\u00bbdefault\u00a0\u00bb max_width=\u00a0\u00bb20%\u00a0\u00bb locked=\u00a0\u00bboff\u00a0\u00bb global_colors_info=\u00a0\u00bb{}\u00a0\u00bb][\/et_pb_divider][et_pb_text _builder_version=\u00a0\u00bb4.27.4&Prime; _module_preset=\u00a0\u00bb67fcce40-abf1-4a0e-a204-9e3940126241&Prime; text_font=\u00a0\u00bb||||||||\u00a0\u00bb text_font_size=\u00a0\u00bb16px\u00a0\u00bb text_line_height=\u00a0\u00bb1.6em\u00a0\u00bb text_font_size_tablet=\u00a0\u00bb15px\u00a0\u00bb global_colors_info=\u00a0\u00bb{}\u00a0\u00bb]<\/p>\n<p><span>C\u2019est la plus belle et la plus ancienne construction de la commune et fait partie des plus remarquables \u00e9difices du canton de Donnemarie. Inscrite \u00e0 l\u2019Inventaire des Monuments historiques au d\u00e9but du vingti\u00e8me si\u00e8cle elle ne fut class\u00e9e qu\u2019en 1982.<\/span><\/p>\n<p><span><\/span><\/p>\n<p><span>La commune a entrepris la restauration compl\u00e8te de l&rsquo;\u00e9glise.<\/span><\/p>\n<p><span><\/span><\/p>\n<p><span><\/span><\/p>\n<p>[\/et_pb_text][et_pb_button button_url=\u00a0\u00bb@ET-DC@eyJkeW5hbWljIjp0cnVlLCJjb250ZW50IjoicG9zdF9saW5rX3VybF9wYWdlIiwic2V0dGluZ3MiOnsicG9zdF9pZCI6Ijg3NyJ9fQ==@\u00a0\u00bb button_text=\u00a0\u00bbEn savoir +\u00a0\u00bb button_alignment=\u00a0\u00bbcenter\u00a0\u00bb _builder_version=\u00a0\u00bb4.27.4&Prime; _dynamic_attributes=\u00a0\u00bbbutton_url\u00a0\u00bb _module_preset=\u00a0\u00bbdefault\u00a0\u00bb button_bg_color=\u00a0\u00bb#4FA591&Prime; global_colors_info=\u00a0\u00bb{}\u00a0\u00bb][\/et_pb_button][\/et_pb_column][\/et_pb_row][\/et_pb_section][et_pb_section fb_built=\u00a0\u00bb1&Prime; _builder_version=\u00a0\u00bb4.27.4&Prime; _module_preset=\u00a0\u00bbdefault\u00a0\u00bb global_colors_info=\u00a0\u00bb{}\u00a0\u00bb][et_pb_row _builder_version=\u00a0\u00bb4.20.0&Prime; _module_preset=\u00a0\u00bbdefault\u00a0\u00bb global_colors_info=\u00a0\u00bb{}\u00a0\u00bb][et_pb_column type=\u00a0\u00bb4_4&Prime; _builder_version=\u00a0\u00bb4.20.0&Prime; _module_preset=\u00a0\u00bbdefault\u00a0\u00bb global_colors_info=\u00a0\u00bb{}\u00a0\u00bb][et_pb_text _builder_version=\u00a0\u00bb4.27.4&Prime; _module_preset=\u00a0\u00bb_initial\u00a0\u00bb global_colors_info=\u00a0\u00bb{}\u00a0\u00bb]<\/p>\n<h1>Histoire du village<\/h1>\n<p>[\/et_pb_text][et_pb_divider color=\u00a0\u00bb#4FA591&Prime; divider_weight=\u00a0\u00bb4px\u00a0\u00bb _builder_version=\u00a0\u00bb4.27.4&Prime; _module_preset=\u00a0\u00bbdefault\u00a0\u00bb max_width=\u00a0\u00bb20%\u00a0\u00bb global_colors_info=\u00a0\u00bb{}\u00a0\u00bb][\/et_pb_divider][\/et_pb_column][\/et_pb_row][et_pb_row column_structure=\u00a0\u00bb1_2,1_2&Prime; _builder_version=\u00a0\u00bb4.27.4&Prime; _module_preset=\u00a0\u00bbdefault\u00a0\u00bb global_colors_info=\u00a0\u00bb{}\u00a0\u00bb][et_pb_column type=\u00a0\u00bb1_2&Prime; _builder_version=\u00a0\u00bb4.27.4&Prime; _module_preset=\u00a0\u00bbdefault\u00a0\u00bb global_colors_info=\u00a0\u00bb{}\u00a0\u00bb][et_pb_text _builder_version=\u00a0\u00bb4.27.4&Prime; _module_preset=\u00a0\u00bb67fcce40-abf1-4a0e-a204-9e3940126241&Prime; text_font=\u00a0\u00bb||||||||\u00a0\u00bb text_font_size=\u00a0\u00bb16px\u00a0\u00bb text_line_height=\u00a0\u00bb1.6em\u00a0\u00bb text_font_size_tablet=\u00a0\u00bb15px\u00a0\u00bb global_colors_info=\u00a0\u00bb{}\u00a0\u00bb]<\/p>\n<p class=\"texte\" style=\"text-align: justify;\">Lorsqu\u2019on emprunte la route qui va de MONTEREAU FAULT YONNE aux ORMES SUR VOULZIE (RD n\u00b018), le village de VIMPELLES se remarque tout d\u2019abord que par la pointe de son clocher qui \u00e9merge au-dessus des grands peupliers.<strong><\/strong><\/p>\n<p class=\"texte\" style=\"text-align: justify;\">Il est en effet blotti dans une boucle de l\u2019Auxence qui prend le nom de \u00ab Vieille Seine \u00bb d\u00e8s la sortie du village.<\/p>\n<p>[\/et_pb_text][\/et_pb_column][et_pb_column type=\u00a0\u00bb1_2&Prime; _builder_version=\u00a0\u00bb4.27.4&Prime; _module_preset=\u00a0\u00bbdefault\u00a0\u00bb global_colors_info=\u00a0\u00bb{}\u00a0\u00bb][et_pb_text _builder_version=\u00a0\u00bb4.27.4&Prime; _module_preset=\u00a0\u00bb67fcce40-abf1-4a0e-a204-9e3940126241&Prime; text_font=\u00a0\u00bb||||||||\u00a0\u00bb text_font_size=\u00a0\u00bb16px\u00a0\u00bb text_line_height=\u00a0\u00bb1.6em\u00a0\u00bb text_font_size_tablet=\u00a0\u00bb15px\u00a0\u00bb global_colors_info=\u00a0\u00bb{}\u00a0\u00bb]<\/p>\n<p class=\"texte\" style=\"text-align: justify;\">Si l\u2019\u00e9glise offre un int\u00e9ressant attrait architectural et historique, l\u2019eau et les rivi\u00e8res (l\u2019Auxence, la Seine, la Vieille Seine,.) sont des \u00e9l\u00e9ments qui ont tenu (et qui tiennent toujours) un r\u00f4le essentiel dans la commune.<\/p>\n<p class=\"texte\" style=\"text-align: justify;\">D\u2019ailleurs, l\u2019\u00e9tymologie latine propos\u00e9e par certains n\u2019est-elle pas VIMPELLES VILLA PELAGII = \u00ab Village au bord de l\u2019eau \u00bb.<\/p>\n<p>[\/et_pb_text][\/et_pb_column][\/et_pb_row][et_pb_row _builder_version=\u00a0\u00bb4.27.4&Prime; _module_preset=\u00a0\u00bbdefault\u00a0\u00bb global_colors_info=\u00a0\u00bb{}\u00a0\u00bb][et_pb_column type=\u00a0\u00bb4_4&Prime; _builder_version=\u00a0\u00bb4.27.4&Prime; _module_preset=\u00a0\u00bbdefault\u00a0\u00bb global_colors_info=\u00a0\u00bb{}\u00a0\u00bb][et_pb_toggle title=\u00a0\u00bbD\u00e9couvrir la suite de l&rsquo;histoire de VIMPELLES\u00a0\u00bb icon_color=\u00a0\u00bb#4FA591&Prime; _builder_version=\u00a0\u00bb4.27.4&Prime; _module_preset=\u00a0\u00bbdefault\u00a0\u00bb global_colors_info=\u00a0\u00bb{}\u00a0\u00bb]<\/p>\n<p class=\"texte\">Cependant avant le 15\u00e8me si\u00e8cle, notre village \u00e9tait install\u00e9 plus au nord, sur la butte pr\u00e8s de la voir romaine de Chantemerle, \u00e0 l\u2019abri des murailles du Fort d\u2019Heurtebise qui d\u00e9fendait cet important lieu de passage (l\u2019actuelle route de Montereau aux Ormes).<\/p>\n<p class=\"texte\">Par la suite, les villageois install\u00e8rent leur maison sur le lieu d\u00e9finitif, autour du ch\u00e2teau du grand H\u00f4tel o\u00f9 ils reconstruisirent l\u2019\u00e9glise.<\/p>\n<p class=\"texte\">La commune comporte au nord, un hameau distant de 2 kms : CUTRELLES, rattach\u00e9 \u00e0 VIMPELLES depuis la fin du Moyen-\u00e2ge. Il existe \u00e9galement le ch\u00e2teau de Parouzeau au pied du coteau et la belle ferme fortifi\u00e9e de Chanteclair remise en valeur il y a quelques ann\u00e9es, visible de la route entre VIMPELLES et EGLIGNY. A l\u2019est, le hameau de Volangis (appel\u00e9 \u00e9galement \u00ab la Gare de Vimpelles \u00bb) est partag\u00e9 en deux par la RD 213 et est rattach\u00e9 d\u2019un c\u00f4t\u00e9 au village de LUISETAINES et de l\u2019autre \u00e0 VIMPELLES.<\/p>\n<p class=\"texte\">La commune est limit\u00e9e au Sud, \u00e0 environ 2 kms, par les m\u00e9andres de la Seine dont le lit principal a \u00e9t\u00e9 modifi\u00e9 en 1974 et am\u00e9nag\u00e9 \u00e0 grand gabarit, cependant que le barrage et l\u2019\u00e9cluse de la Grande Bosse (sur le territoire de la commune de Vimpelles) \u00e9taient enti\u00e8rement reconstruits et modernis\u00e9s.<\/p>\n<p class=\"texte\">Entre village et Seine s\u2019\u00e9tend le pittoresque \u00ab Bas Pays \u00bb parcouru de \u00ab noues \u00bb, ancien bras de Seine qui permettaient aux si\u00e8cles pass\u00e9s, aux bateaux d\u2019acc\u00e9der jusqu\u2019\u00e0 VIMPELLES, mais qui provoquant plusieurs fois par an ; des inondations parfois redoutables comme en 1910. (Bas Pays qui a quel que peut chang\u00e9 d\u2019aspect depuis une dizaine d\u2019ann\u00e9es \u00e0 cause de l\u2019extraction de sables).<\/p>\n<p class=\"texte\">L\u2019une de ces noues appel\u00e9e autrefois \u00ab la Petite Seine \u00bb arrivait donc jusqu\u2019au village o\u00f9 elle recevait les eaux de l\u2019Auxence, puis retrouvait le bras principal \u00e0 MAROLLES, apr\u00e8s avoir travers\u00e9 EGLIGNY et CHATENAY.<br \/>Cette noue fut obstru\u00e9e et ne se remplit plus que par infiltration lors de la mont\u00e9e des eaux. Aussi perdit-elle son nom pour devenir aujourd\u2019hui \u00ab la Vieille Seine \u00bb.<\/p>\n<p class=\"texte\">Voici pourquoi on trouve sur certains documents le nom de \u00ab VIMPELLES SUR SEINE \u00bb, comme il y eut \u00ab EGLIGNY SUR SEINE \u00bb et comme on dit toujours \u00ab CHATENAY SUR SEINE \u00bb<\/p>\n<p class=\"texte\">L\u2019activit\u00e9 li\u00e9e au fleuve \u00e9tait importante puisque les bateaux arrivaient jusqu\u2019au village. On signale qu\u2019il existait encore au si\u00e8cle dernier un mur sur lequel \u00e9taient fix\u00e9s des anneaux servant \u00e0 amarrer les embarcations.<\/p>\n<p class=\"texte\">D\u2019ailleurs un p\u00e9age \u00e9tait per\u00e7u : 12 deniers par bateau en 1669 au profit des seigneurs moines de Donnemarie.<\/p>\n<p class=\"texte\">On transportait les marchandises li\u00e9es \u00e0 l\u2019agriculture : vin, c\u00e9r\u00e9ales, \u00e0 dos de b\u00eates de somme depuis le march\u00e9 de Donnemarie jusqu\u2019au port de Vimpelles dont le r\u00f4le \u00e9tait d\u2019autant plus important que les routes \u00e9taient quasi inexistantes.<\/p>\n<p class=\"texte\">La p\u00eache en Seine \u00e9tait aussi tr\u00e8s active. Le roi seul en poss\u00e9dait le droit qu\u2019il c\u00e9da aux seigneurs de Bray en amont d\u2019Egligny-Balloy.<br \/>Les fermiers p\u00eacheurs de Vimpelles furent m\u00eame condamn\u00e9s en 1532 \u00e0 lui livrer 3 livres de poissons tous les vendredis saints pour avoir fraud\u00e9 l\u2019imp\u00f4t sur le sel. Car ce sel circulait, lui aussi, sur la Seine et \u00e9tait l\u2019objet de trafics lors du passage au port de Vimpelles, dans ce pays de \u00ab grande gabelle \u00bb.<br \/>Une d\u00e9claration royale du 9 mars 1546 obligea les bateliers \u00e0 ne transporter le sel que \u00ab par bateaux couverts et ferm\u00e9s \u00e0 cl\u00e9 \u00bb.<\/p>\n<p class=\"texte\">Un marchand p\u00eacheur de Vimpelles : Jehan MARGOT eut m\u00eame l\u2019honneur \u2013 et l\u2019argent n\u00e9cessaire \u2013 d\u2019\u00eatre inhum\u00e9 en 1523 dans le ch\u0153ur de l\u2019\u00e9glise, comme en t\u00e9moigne la superbe pierre tombale \u00e0 l\u2019entr\u00e9e du ch\u0153ur.<\/p>\n<p class=\"texte\">Enfin, le seul moyen de transport existant entre le Montois et PARIS \u00e9tant le coche d\u2019eau de Nogent, c\u2019est la ferme-auberge du port de Boule &#8211; en bord de Seine &#8211; qui fut d\u00e9sign\u00e9e comme le lieu d\u2019embarquement des voyageurs (lettres royales de mai 1665).<\/p>\n<p class=\"texte\">Gr\u00e2ce \u00e0 cette intense activit\u00e9 \u00e9conomique, la commune de VIMPELLES compta plus de 600 habitants jusqu\u2019au 19\u00e8me si\u00e8cle, population qui a fondu avec l\u2019exode rural jusqu\u2019\u00e0 300 \u00e2mes, pour se revitaliser \u00e0 la fin du 20\u00e8me si\u00e8cle puisque 430 habitants ont \u00e9t\u00e9 recens\u00e9s en 1999 et au dernier recensement de 2015, 523 habitants ont \u00e9t\u00e9 comptabilis\u00e9s.<\/p>\n<p><strong>Ren\u00e9 GERAUD<br \/>Ancien instituteur \u2013 secr\u00e9taire de mairie \u2013 conseiller municipal<\/strong><\/p>\n<p>[\/et_pb_toggle][\/et_pb_column][\/et_pb_row][\/et_pb_section][et_pb_section fb_built=\u00a0\u00bb1&Prime; admin_label=\u00a0\u00bbGallery\u00a0\u00bb _builder_version=\u00a0\u00bb4.20.0&Prime; _module_preset=\u00a0\u00bbdefault\u00a0\u00bb collapsed=\u00a0\u00bbon\u00a0\u00bb global_colors_info=\u00a0\u00bb{}\u00a0\u00bb][et_pb_row _builder_version=\u00a0\u00bb4.20.0&Prime; _module_preset=\u00a0\u00bbdefault\u00a0\u00bb locked=\u00a0\u00bboff\u00a0\u00bb global_colors_info=\u00a0\u00bb{}\u00a0\u00bb][et_pb_column type=\u00a0\u00bb4_4&Prime; _builder_version=\u00a0\u00bb4.20.0&Prime; _module_preset=\u00a0\u00bbdefault\u00a0\u00bb global_colors_info=\u00a0\u00bb{}\u00a0\u00bb][et_pb_text _builder_version=\u00a0\u00bb4.27.4&Prime; _module_preset=\u00a0\u00bb_initial\u00a0\u00bb global_colors_info=\u00a0\u00bb{}\u00a0\u00bb]<\/p>\n<h1>Vimpelles en images<\/h1>\n<p>[\/et_pb_text][et_pb_divider color=\u00a0\u00bb#4FA591&Prime; divider_weight=\u00a0\u00bb4px\u00a0\u00bb _builder_version=\u00a0\u00bb4.27.4&Prime; _module_preset=\u00a0\u00bbdefault\u00a0\u00bb max_width=\u00a0\u00bb20%\u00a0\u00bb global_colors_info=\u00a0\u00bb{}\u00a0\u00bb][\/et_pb_divider][\/et_pb_column][\/et_pb_row][et_pb_row column_structure=\u00a0\u00bb1_3,1_3,1_3&Prime; make_equal=\u00a0\u00bbon\u00a0\u00bb custom_padding_last_edited=\u00a0\u00bbon|tablet\u00a0\u00bb _builder_version=\u00a0\u00bb4.27.4&Prime; _module_preset=\u00a0\u00bbdefault\u00a0\u00bb custom_padding_tablet=\u00a0\u00bb||0px||false|false\u00a0\u00bb custom_padding_phone=\u00a0\u00bb||0px||false|false\u00a0\u00bb animation_style=\u00a0\u00bbfade\u00a0\u00bb animation_duration=\u00a0\u00bb1200ms\u00a0\u00bb global_colors_info=\u00a0\u00bb{}\u00a0\u00bb][et_pb_column type=\u00a0\u00bb1_3&Prime; _builder_version=\u00a0\u00bb4.27.4&Prime; _module_preset=\u00a0\u00bbdefault\u00a0\u00bb background_image=\u00a0\u00bbhttps:\/\/devvimpelles.albys.com\/wp-content\/uploads\/2025\/03\/U102527.jpg\u00a0\u00bb background_size=\u00a0\u00bbinitial\u00a0\u00bb background_position=\u00a0\u00bbcenter_left\u00a0\u00bb background_horizontal_offset=\u00a0\u00bb20%\u00a0\u00bb border_radii=\u00a0\u00bbon|5px|5px|5px|5px\u00a0\u00bb global_colors_info=\u00a0\u00bb{}\u00a0\u00bb][et_pb_divider show_divider=\u00a0\u00bboff\u00a0\u00bb _builder_version=\u00a0\u00bb4.20.0&Prime; _module_preset=\u00a0\u00bbdefault\u00a0\u00bb height_tablet=\u00a0\u00bb40vw\u00a0\u00bb height_phone=\u00a0\u00bb40vw\u00a0\u00bb height_last_edited=\u00a0\u00bbon|phone\u00a0\u00bb global_colors_info=\u00a0\u00bb{}\u00a0\u00bb][\/et_pb_divider][\/et_pb_column][et_pb_column type=\u00a0\u00bb1_3&Prime; _builder_version=\u00a0\u00bb4.20.0&Prime; _module_preset=\u00a0\u00bbdefault\u00a0\u00bb global_colors_info=\u00a0\u00bb{}\u00a0\u00bb][et_pb_image src=\u00a0\u00bbhttps:\/\/devvimpelles.albys.com\/wp-content\/uploads\/2025\/03\/U102529.jpg\u00a0\u00bb title_text=\u00a0\u00bbU102529&Prime; show_in_lightbox=\u00a0\u00bbon\u00a0\u00bb _builder_version=\u00a0\u00bb4.27.4&Prime; _module_preset=\u00a0\u00bbdefault\u00a0\u00bb custom_margin=\u00a0\u00bb||60px||false|false\u00a0\u00bb custom_margin_tablet=\u00a0\u00bb||30px||false|false\u00a0\u00bb custom_margin_phone=\u00a0\u00bb||30px||false|false\u00a0\u00bb custom_margin_last_edited=\u00a0\u00bbon|tablet\u00a0\u00bb border_radii=\u00a0\u00bbon|5px|5px|5px|5px\u00a0\u00bb global_colors_info=\u00a0\u00bb{}\u00a0\u00bb][\/et_pb_image][et_pb_image src=\u00a0\u00bbhttps:\/\/devvimpelles.albys.com\/wp-content\/uploads\/2025\/03\/U102542.jpg\u00a0\u00bb title_text=\u00a0\u00bbU102542&Prime; show_in_lightbox=\u00a0\u00bbon\u00a0\u00bb _builder_version=\u00a0\u00bb4.27.4&Prime; _module_preset=\u00a0\u00bbdefault\u00a0\u00bb border_radii=\u00a0\u00bbon|5px|5px|5px|5px\u00a0\u00bb global_colors_info=\u00a0\u00bb{}\u00a0\u00bb][\/et_pb_image][\/et_pb_column][et_pb_column type=\u00a0\u00bb1_3&Prime; _builder_version=\u00a0\u00bb4.20.0&Prime; _module_preset=\u00a0\u00bbdefault\u00a0\u00bb global_colors_info=\u00a0\u00bb{}\u00a0\u00bb][et_pb_image src=\u00a0\u00bbhttps:\/\/devvimpelles.albys.com\/wp-content\/uploads\/2025\/03\/U102541.jpg\u00a0\u00bb title_text=\u00a0\u00bbU102541&Prime; show_in_lightbox=\u00a0\u00bbon\u00a0\u00bb _builder_version=\u00a0\u00bb4.27.4&Prime; _module_preset=\u00a0\u00bbdefault\u00a0\u00bb custom_margin=\u00a0\u00bb||60px||false|false\u00a0\u00bb custom_margin_tablet=\u00a0\u00bb||30px||false|false\u00a0\u00bb custom_margin_phone=\u00a0\u00bb||30px||false|false\u00a0\u00bb custom_margin_last_edited=\u00a0\u00bbon|tablet\u00a0\u00bb border_radii=\u00a0\u00bbon|5px|5px|5px|5px\u00a0\u00bb locked=\u00a0\u00bboff\u00a0\u00bb global_colors_info=\u00a0\u00bb{}\u00a0\u00bb][\/et_pb_image][et_pb_image src=\u00a0\u00bbhttps:\/\/devvimpelles.albys.com\/wp-content\/uploads\/2025\/03\/U102524.jpg\u00a0\u00bb title_text=\u00a0\u00bbU102524&Prime; show_in_lightbox=\u00a0\u00bbon\u00a0\u00bb _builder_version=\u00a0\u00bb4.27.4&Prime; _module_preset=\u00a0\u00bbdefault\u00a0\u00bb border_radii=\u00a0\u00bbon|5px|5px|5px|5px\u00a0\u00bb locked=\u00a0\u00bboff\u00a0\u00bb global_colors_info=\u00a0\u00bb{}\u00a0\u00bb][\/et_pb_image][\/et_pb_column][\/et_pb_row][et_pb_row column_structure=\u00a0\u00bb1_3,2_3&Prime; make_equal=\u00a0\u00bbon\u00a0\u00bb _builder_version=\u00a0\u00bb4.27.4&Prime; _module_preset=\u00a0\u00bbdefault\u00a0\u00bb animation_style=\u00a0\u00bbfade\u00a0\u00bb animation_duration=\u00a0\u00bb1200ms\u00a0\u00bb global_colors_info=\u00a0\u00bb{}\u00a0\u00bb][et_pb_column type=\u00a0\u00bb1_3&Prime; _builder_version=\u00a0\u00bb4.27.4&Prime; _module_preset=\u00a0\u00bbdefault\u00a0\u00bb background_image=\u00a0\u00bbhttps:\/\/devvimpelles.albys.com\/wp-content\/uploads\/2025\/03\/U102521.jpg\u00a0\u00bb border_radii=\u00a0\u00bbon|5px|5px|5px|5px\u00a0\u00bb global_colors_info=\u00a0\u00bb{}\u00a0\u00bb][et_pb_divider show_divider=\u00a0\u00bboff\u00a0\u00bb _builder_version=\u00a0\u00bb4.20.0&Prime; _module_preset=\u00a0\u00bbdefault\u00a0\u00bb height_tablet=\u00a0\u00bb40vw\u00a0\u00bb height_phone=\u00a0\u00bb40vw\u00a0\u00bb height_last_edited=\u00a0\u00bbon|phone\u00a0\u00bb locked=\u00a0\u00bboff\u00a0\u00bb global_colors_info=\u00a0\u00bb{}\u00a0\u00bb][\/et_pb_divider][\/et_pb_column][et_pb_column type=\u00a0\u00bb2_3&Prime; _builder_version=\u00a0\u00bb4.20.0&Prime; _module_preset=\u00a0\u00bbdefault\u00a0\u00bb global_colors_info=\u00a0\u00bb{}\u00a0\u00bb][et_pb_image src=\u00a0\u00bbhttps:\/\/devvimpelles.albys.com\/wp-content\/uploads\/2025\/03\/U102540.jpg\u00a0\u00bb title_text=\u00a0\u00bbU102540&Prime; show_in_lightbox=\u00a0\u00bbon\u00a0\u00bb _builder_version=\u00a0\u00bb4.27.4&Prime; _module_preset=\u00a0\u00bbdefault\u00a0\u00bb border_radii=\u00a0\u00bbon|5px|5px|5px|5px\u00a0\u00bb global_colors_info=\u00a0\u00bb{}\u00a0\u00bb][\/et_pb_image][\/et_pb_column][\/et_pb_row][\/et_pb_section]<\/p>\n","protected":false},"excerpt":{"rendered":"<p>histoire et patrimoine\u00c0 Propos de VimpellesLa commune de Vimpelles s&rsquo;\u00e9tend sur 1133 hectares, \u00e0 cheval sur le Montois et la Bass\u00e9e. Au nord, on trouve une plaine riche et cultiv\u00e9e, tandis que la partie sud est occup\u00e9e par le Bas Pays, moins cultiv\u00e9, plus bois\u00e9 et mar\u00e9cageux (La Bass\u00e9e), mais sableux, d&rsquo;o\u00f9 la pr\u00e9sence de [&hellip;]<\/p>\n","protected":false},"author":1,"featured_media":0,"parent":0,"menu_order":0,"comment_status":"closed","ping_status":"closed","template":"","meta":{"_et_pb_use_builder":"on","_et_pb_old_content":"","_et_gb_content_width":"","footnotes":""},"class_list":["post-167","page","type-page","status-publish","hentry"],"_links":{"self":[{"href":"https:\/\/mairie-vimpelles.fr\/index.php\/wp-json\/wp\/v2\/pages\/167","targetHints":{"allow":["GET"]}}],"collection":[{"href":"https:\/\/mairie-vimpelles.fr\/index.php\/wp-json\/wp\/v2\/pages"}],"about":[{"href":"https:\/\/mairie-vimpelles.fr\/index.php\/wp-json\/wp\/v2\/types\/page"}],"author":[{"embeddable":true,"href":"https:\/\/mairie-vimpelles.fr\/index.php\/wp-json\/wp\/v2\/users\/1"}],"replies":[{"embeddable":true,"href":"https:\/\/mairie-vimpelles.fr\/index.php\/wp-json\/wp\/v2\/comments?post=167"}],"version-history":[{"count":26,"href":"https:\/\/mairie-vimpelles.fr\/index.php\/wp-json\/wp\/v2\/pages\/167\/revisions"}],"predecessor-version":[{"id":1145,"href":"https:\/\/mairie-vimpelles.fr\/index.php\/wp-json\/wp\/v2\/pages\/167\/revisions\/1145"}],"wp:attachment":[{"href":"https:\/\/mairie-vimpelles.fr\/index.php\/wp-json\/wp\/v2\/media?parent=167"}],"curies":[{"name":"wp","href":"https:\/\/api.w.org\/{rel}","templated":true}]}}