{"id":175,"date":"2025-02-07T13:32:54","date_gmt":"2025-02-07T13:32:54","guid":{"rendered":"https:\/\/devvimpelles.albys.com\/?page_id=175"},"modified":"2026-04-24T13:22:33","modified_gmt":"2026-04-24T13:22:33","slug":"la-mairie","status":"publish","type":"page","link":"https:\/\/mairie-vimpelles.fr\/index.php\/la-mairie\/","title":{"rendered":"La mairie"},"content":{"rendered":"<p>[et_pb_section fb_built=\u00a0\u00bb1&Prime; _builder_version=\u00a0\u00bb4.27.4&Prime; _module_preset=\u00a0\u00bbdefault\u00a0\u00bb background_color=\u00a0\u00bb#27584D\u00a0\u00bb custom_margin=\u00a0\u00bb-5vw||||false|false\u00a0\u00bb global_colors_info=\u00a0\u00bb{}\u00a0\u00bb][et_pb_row _builder_version=\u00a0\u00bb4.27.4&Prime; _module_preset=\u00a0\u00bbdefault\u00a0\u00bb animation_style=\u00a0\u00bbfade\u00a0\u00bb animation_duration=\u00a0\u00bb1200ms\u00a0\u00bb global_colors_info=\u00a0\u00bb{}\u00a0\u00bb][et_pb_column type=\u00a0\u00bb4_4&Prime; _builder_version=\u00a0\u00bb4.27.4&Prime; _module_preset=\u00a0\u00bbdefault\u00a0\u00bb global_colors_info=\u00a0\u00bb{}\u00a0\u00bb][et_pb_text _builder_version=\u00a0\u00bb4.27.4&Prime; _module_preset=\u00a0\u00bbdefault\u00a0\u00bb header_font=\u00a0\u00bb|700||on|||||\u00a0\u00bb header_text_align=\u00a0\u00bbcenter\u00a0\u00bb header_text_color=\u00a0\u00bb#FFFFFF\u00a0\u00bb header_font_size=\u00a0\u00bb55px\u00a0\u00bb global_colors_info=\u00a0\u00bb{}\u00a0\u00bb]<\/p>\n<h1>La mairie<\/h1>\n<p>[\/et_pb_text][\/et_pb_column][\/et_pb_row][\/et_pb_section][et_pb_section fb_built=\u00a0\u00bb1&Prime; _builder_version=\u00a0\u00bb4.27.4&Prime; _module_preset=\u00a0\u00bbdefault\u00a0\u00bb global_colors_info=\u00a0\u00bb{}\u00a0\u00bb][et_pb_row _builder_version=\u00a0\u00bb4.27.4&Prime; _module_preset=\u00a0\u00bbdefault\u00a0\u00bb global_colors_info=\u00a0\u00bb{}\u00a0\u00bb][et_pb_column type=\u00a0\u00bb4_4&Prime; _builder_version=\u00a0\u00bb4.20.0&Prime; _module_preset=\u00a0\u00bbdefault\u00a0\u00bb global_colors_info=\u00a0\u00bb{}\u00a0\u00bb][et_pb_text _builder_version=\u00a0\u00bb4.27.4&Prime; _module_preset=\u00a0\u00bb_initial\u00a0\u00bb header_2_font_size=\u00a0\u00bb30px\u00a0\u00bb text_orientation=\u00a0\u00bbcenter\u00a0\u00bb global_colors_info=\u00a0\u00bb{}\u00a0\u00bb]<\/p>\n<h2>Le conseil municipal<\/h2>\n<p>[\/et_pb_text][et_pb_divider color=\u00a0\u00bb#4FA591&Prime; divider_weight=\u00a0\u00bb4px\u00a0\u00bb _builder_version=\u00a0\u00bb4.27.4&Prime; _module_preset=\u00a0\u00bbdefault\u00a0\u00bb max_width=\u00a0\u00bb20%\u00a0\u00bb module_alignment=\u00a0\u00bbcenter\u00a0\u00bb global_colors_info=\u00a0\u00bb{}\u00a0\u00bb][\/et_pb_divider][\/et_pb_column][\/et_pb_row][et_pb_row column_structure=\u00a0\u00bb2_5,3_5&Prime; _builder_version=\u00a0\u00bb4.27.4&Prime; _module_preset=\u00a0\u00bbdefault\u00a0\u00bb global_colors_info=\u00a0\u00bb{}\u00a0\u00bb][et_pb_column type=\u00a0\u00bb2_5&Prime; _builder_version=\u00a0\u00bb4.27.4&Prime; _module_preset=\u00a0\u00bbdefault\u00a0\u00bb global_colors_info=\u00a0\u00bb{}\u00a0\u00bb][et_pb_text _builder_version=\u00a0\u00bb4.27.4&Prime; _module_preset=\u00a0\u00bbdefault\u00a0\u00bb hover_enabled=\u00a0\u00bb0&Prime; global_colors_info=\u00a0\u00bb{}\u00a0\u00bb sticky_enabled=\u00a0\u00bb0&Prime;]<\/p>\n<p><strong><span style=\"font-size: x-large; color: #008080;\">Nadine DELATTRE &#8211; <em>Maire<\/em><\/span><\/strong><\/p>\n<p><span><br \/><span style=\"color: #008080;\">\u2726 <\/span>Yannick MASSON \u00a0&#8211; \u00a0<em>1er adjoint<\/em><b><br \/><\/b><span style=\"color: #008080;\">\u2726 <\/span>Nathalie MOREAU \u00a0&#8211; <em>2\u00e8me adjoint<br \/><\/em><span style=\"color: #008080;\">\u2726 <\/span>St\u00e9phane REMBLIER \u00a0&#8211; 3\u00e8me adjoint<em><br \/><\/em><\/span><\/p>\n<p><span style=\"font-size: x-large;\"><\/span><\/p>\n<p><span style=\"font-size: x-large;\"><b>Conseillers Municipaux<\/b><\/span><\/p>\n<p><span><span style=\"color: #008080;\">\u2726 <\/span>St\u00e9phane LE FOLL<br \/><span style=\"color: #008080;\">\u2726 <\/span>Audrey DUMONT<br \/><\/span><span><\/span><span><\/span><span><span style=\"color: #008080;\">\u2726 <\/span>Guillaume LANGELLIER<br \/><span style=\"color: #008080;\">\u2726 <\/span>Am\u00e9lie TH\u00c9RAUBE<br \/><\/span><span><\/span><span><\/span><span><\/span><span><span style=\"color: #008080;\">\u2726 <\/span>Arnaud AUG\u00c9<br \/><span style=\"color: #008080;\">\u2726 <\/span>Myriam DELCAMBRE<br \/><\/span><span><span style=\"color: #008080;\">\u2726 <\/span>Philippe GARCIA<br \/><span style=\"color: #008080;\">\u2726 <\/span>St\u00e9phanie BAZIN<br \/><\/span><span><\/span><span><span style=\"color: #008080;\">\u2726 <\/span>David ROBALO GOMES<br \/><span style=\"color: #008080;\">\u2726 <\/span>Isabelle KUPIECKI<\/span><span><br \/><span style=\"color: #008080;\">\u2726 <\/span>C\u00e9dric SAUDRY<\/span><\/p>\n<p>&nbsp;<\/p>\n<p>[\/et_pb_text][\/et_pb_column][et_pb_column type=\u00a0\u00bb3_5&Prime; _builder_version=\u00a0\u00bb4.27.4&Prime; _module_preset=\u00a0\u00bbdefault\u00a0\u00bb global_colors_info=\u00a0\u00bb{}\u00a0\u00bb][et_pb_text _builder_version=\u00a0\u00bb4.27.4&Prime; _module_preset=\u00a0\u00bbdefault\u00a0\u00bb text_font=\u00a0\u00bb||||||||\u00a0\u00bb text_font_size=\u00a0\u00bb16px\u00a0\u00bb text_line_height=\u00a0\u00bb1.6em\u00a0\u00bb global_colors_info=\u00a0\u00bb{}\u00a0\u00bb]<\/p>\n<p>Nous avons le plaisir de vous pr\u00e9senter l&rsquo;\u00e9quipe municipale, un groupe engag\u00e9 et dynamique, d\u00e9termin\u00e9 \u00e0 \u0153uvrer ensemble pour le bien-\u00eatre et le d\u00e9veloppement de notre commune, en \u00e9coutant et en prenant en compte les besoins de chacun.<\/p>\n<p>[\/et_pb_text][\/et_pb_column][\/et_pb_row][\/et_pb_section][et_pb_section fb_built=\u00a0\u00bb1&Prime; prev_background_color=\u00a0\u00bb#ffffff\u00a0\u00bb _builder_version=\u00a0\u00bb4.27.4&Prime; _module_preset=\u00a0\u00bbdefault\u00a0\u00bb background_color=\u00a0\u00bb#27584D\u00a0\u00bb top_divider_style=\u00a0\u00bbslant2&Prime; global_colors_info=\u00a0\u00bb{}\u00a0\u00bb][et_pb_row _builder_version=\u00a0\u00bb4.27.4&Prime; _module_preset=\u00a0\u00bbdefault\u00a0\u00bb locked=\u00a0\u00bboff\u00a0\u00bb global_colors_info=\u00a0\u00bb{}\u00a0\u00bb][et_pb_column type=\u00a0\u00bb4_4&Prime; _builder_version=\u00a0\u00bb4.20.0&Prime; _module_preset=\u00a0\u00bbdefault\u00a0\u00bb global_colors_info=\u00a0\u00bb{}\u00a0\u00bb][et_pb_text _builder_version=\u00a0\u00bb4.27.4&Prime; _module_preset=\u00a0\u00bb_initial\u00a0\u00bb header_2_text_align=\u00a0\u00bbleft\u00a0\u00bb header_2_text_color=\u00a0\u00bb#FFFFFF\u00a0\u00bb header_2_font_size=\u00a0\u00bb30px\u00a0\u00bb text_orientation=\u00a0\u00bbcenter\u00a0\u00bb global_colors_info=\u00a0\u00bb{}\u00a0\u00bb]<\/p>\n<h2>\u00c0 propos<\/h2>\n<p>[\/et_pb_text][et_pb_divider color=\u00a0\u00bb#4FA591&Prime; divider_weight=\u00a0\u00bb4px\u00a0\u00bb _builder_version=\u00a0\u00bb4.27.4&Prime; _module_preset=\u00a0\u00bbdefault\u00a0\u00bb max_width=\u00a0\u00bb20%\u00a0\u00bb module_alignment=\u00a0\u00bbleft\u00a0\u00bb global_colors_info=\u00a0\u00bb{}\u00a0\u00bb][\/et_pb_divider][\/et_pb_column][\/et_pb_row][et_pb_row _builder_version=\u00a0\u00bb4.27.4&Prime; _module_preset=\u00a0\u00bbdefault\u00a0\u00bb global_colors_info=\u00a0\u00bb{}\u00a0\u00bb][et_pb_column type=\u00a0\u00bb4_4&Prime; _builder_version=\u00a0\u00bb4.27.4&Prime; _module_preset=\u00a0\u00bbdefault\u00a0\u00bb global_colors_info=\u00a0\u00bb{}\u00a0\u00bb][et_pb_text _builder_version=\u00a0\u00bb4.27.4&Prime; _module_preset=\u00a0\u00bbdefault\u00a0\u00bb text_text_color=\u00a0\u00bb#FFFFFF\u00a0\u00bb global_colors_info=\u00a0\u00bb{}\u00a0\u00bb]<\/p>\n<p class=\"titre\">La Mairie de Vimpelles est membre de :<\/p>\n<p class=\"titre\" style=\"padding-left: 40px;\"><span style=\"color: #ffff00;\"><strong>1) La Communaut\u00e9 de communes Bass\u00e9e-Montois<\/strong><\/span><\/p>\n<p align=\"left\" class=\"texte\">\u00c9tablissement public de coop\u00e9ration intercommunale, la communaut\u00e9 de communes Bass\u00e9e-Montois (CCBM) a \u00e9t\u00e9 cr\u00e9\u00e9e suite \u00e0 la fusion entre la communaut\u00e9 de communes de la Bass\u00e9e et la communaut\u00e9 de communes du Montois le 1er janvier 2014. Cette collectivit\u00e9 est aujourd&rsquo;hui compos\u00e9e de 42 communes et \u00a0elle regroupe 23 428 habitants. Le si\u00e8ge social de la CCBM est situ\u00e9 en mairie de Donnemarie-Dontilly au 1 rue Cottereau. Le si\u00e8ge administratif est quant \u00e0 lui situ\u00e9 au 12 rue Joseph Bara \u00e0 Bray-sur-Seine.<\/p>\n<p class=\"texte\"><strong>Pr\u00e9sident de la CCBM<\/strong>: M. Roger DENORMANDIE\u00a0&#8211; Maire de MONTIGNY LENCOUP<\/p>\n<p class=\"titre\" style=\"padding-left: 40px;\"><span style=\"color: #ffff00;\"><strong>2) SI du Bas Montois<\/strong><\/span><\/p>\n<p class=\"texte\">Le Syndicat Intercommunal des Interconnexions en Eau Potable du Bas Montois<\/p>\n<p class=\"titre\" style=\"padding-left: 40px;\"><span style=\"color: #ffff00;\"><strong>3) SDESM<\/strong><\/span><\/p>\n<p class=\"texte\">Syndicat D\u00e9partemental des Energies de Seine-et-Marne<br \/>1 rue Claude Bernard 77000 La Rochette<br \/>&#8211; T\u00e9l : 01 64 79 74 75 &#8211; Fax : 01 64 87 08 22<\/p>\n<p>&nbsp;<\/p>\n<p>[\/et_pb_text][\/et_pb_column][\/et_pb_row][\/et_pb_section][et_pb_section fb_built=\u00a0\u00bb1&Prime; admin_label=\u00a0\u00bbFeature\u00a0\u00bb _builder_version=\u00a0\u00bb4.20.0&Prime; _module_preset=\u00a0\u00bbdefault\u00a0\u00bb custom_padding=\u00a0\u00bb0px||0px||true|false\u00a0\u00bb locked=\u00a0\u00bboff\u00a0\u00bb collapsed=\u00a0\u00bbon\u00a0\u00bb global_colors_info=\u00a0\u00bb{}\u00a0\u00bb][et_pb_row column_structure=\u00a0\u00bb1_2,1_2&Prime; use_custom_gutter=\u00a0\u00bbon\u00a0\u00bb gutter_width=\u00a0\u00bb1&Prime; make_equal=\u00a0\u00bbon\u00a0\u00bb _builder_version=\u00a0\u00bb4.27.4&Prime; _module_preset=\u00a0\u00bbdefault\u00a0\u00bb width=\u00a0\u00bb100%\u00a0\u00bb max_width=\u00a0\u00bbnone\u00a0\u00bb custom_padding=\u00a0\u00bb0px||0px||true|false\u00a0\u00bb animation_style=\u00a0\u00bbfade\u00a0\u00bb animation_duration=\u00a0\u00bb1200ms\u00a0\u00bb global_colors_info=\u00a0\u00bb{}\u00a0\u00bb][et_pb_column type=\u00a0\u00bb1_2&Prime; _builder_version=\u00a0\u00bb4.27.4&Prime; _module_preset=\u00a0\u00bbdefault\u00a0\u00bb background_image=\u00a0\u00bbhttps:\/\/devvimpelles.albys.com\/wp-content\/uploads\/2025\/03\/mairie-vimpelles.jpg\u00a0\u00bb background_size=\u00a0\u00bbinitial\u00a0\u00bb custom_padding=\u00a0\u00bb10vw|10vw|10vw|10vw|true|true\u00a0\u00bb box_shadow_style=\u00a0\u00bbpreset4&Prime; box_shadow_horizontal=\u00a0\u00bb0px\u00a0\u00bb box_shadow_vertical=\u00a0\u00bb0px\u00a0\u00bb box_shadow_spread=\u00a0\u00bb6vw\u00a0\u00bb box_shadow_color=\u00a0\u00bb#FFFFFF\u00a0\u00bb box_shadow_position=\u00a0\u00bbinner\u00a0\u00bb global_colors_info=\u00a0\u00bb{}\u00a0\u00bb][\/et_pb_column][et_pb_column type=\u00a0\u00bb1_2&Prime; _builder_version=\u00a0\u00bb4.27.4&Prime; _module_preset=\u00a0\u00bbdefault\u00a0\u00bb background_color=\u00a0\u00bbgcid-86da69f8-ce43-4c42-8395-4abd58818e72&Prime; custom_padding=\u00a0\u00bb10vw|8vw|10vw|8vw|true|true\u00a0\u00bb global_colors_info=\u00a0\u00bb{%22gcid-86da69f8-ce43-4c42-8395-4abd58818e72%22:%91%22background_color%22%93}\u00a0\u00bb][et_pb_text _builder_version=\u00a0\u00bb4.27.4&Prime; _module_preset=\u00a0\u00bbf4d73cd6-f7dd-4c2d-ada3-03fb0cab08fa\u00a0\u00bb header_2_font=\u00a0\u00bb|700|||||||\u00a0\u00bb header_2_font_size=\u00a0\u00bb40px\u00a0\u00bb custom_margin=\u00a0\u00bb||30px||false|false\u00a0\u00bb global_colors_info=\u00a0\u00bb{}\u00a0\u00bb]<\/p>\n<h2>Proc\u00e8s-verbaux municipaux<\/h2>\n<p>[\/et_pb_text][et_pb_divider color=\u00a0\u00bb#4FA591&Prime; divider_weight=\u00a0\u00bb4px\u00a0\u00bb _builder_version=\u00a0\u00bb4.27.4&Prime; _module_preset=\u00a0\u00bbdefault\u00a0\u00bb max_width=\u00a0\u00bb20%\u00a0\u00bb locked=\u00a0\u00bboff\u00a0\u00bb global_colors_info=\u00a0\u00bb{}\u00a0\u00bb][\/et_pb_divider][et_pb_text _builder_version=\u00a0\u00bb4.27.4&Prime; _module_preset=\u00a0\u00bb67fcce40-abf1-4a0e-a204-9e3940126241&Prime; text_font=\u00a0\u00bb||||||||\u00a0\u00bb text_font_size=\u00a0\u00bb16px\u00a0\u00bb text_line_height=\u00a0\u00bb1.6em\u00a0\u00bb text_font_size_tablet=\u00a0\u00bb15px\u00a0\u00bb global_colors_info=\u00a0\u00bb{}\u00a0\u00bb]<\/p>\n<p>Les proc\u00e8s-verbaux municipaux de notre ville constituent un pr\u00e9cieux document de r\u00e9f\u00e9rence, permettant \u00e0 chaque citoyen de suivre les d\u00e9cisions prises lors des conseils municipaux et de comprendre les actions engag\u00e9es pour le d\u00e9veloppement et le bien-\u00eatre de notre commune.<\/p>\n<p><span><\/span><\/p>\n<p><span><\/span><\/p>\n<p>[\/et_pb_text][et_pb_blurb use_icon=\u00a0\u00bbon\u00a0\u00bb font_icon=\u00a0\u00bb&#x6c;||divi||400&Prime; icon_color=\u00a0\u00bb#27584D\u00a0\u00bb image_icon_background_color=\u00a0\u00bb#FFFFFF\u00a0\u00bb image_icon_width=\u00a0\u00bb40px\u00a0\u00bb _builder_version=\u00a0\u00bb4.27.4&Prime; _module_preset=\u00a0\u00bbdefault\u00a0\u00bb body_font=\u00a0\u00bb|700|||||||\u00a0\u00bb body_text_color=\u00a0\u00bb#27584D\u00a0\u00bb body_font_size=\u00a0\u00bb16px\u00a0\u00bb image_icon_custom_padding=\u00a0\u00bb10px|10px|10px|10px|true|true\u00a0\u00bb text_orientation=\u00a0\u00bbcenter\u00a0\u00bb custom_margin=\u00a0\u00bb3vw||1vw||false|false\u00a0\u00bb custom_padding=\u00a0\u00bb||||false|false\u00a0\u00bb link_option_url=\u00a0\u00bbhttps:\/\/mairie-vimpelles.fr\/wp-content\/uploads\/2026\/04\/Conseil-municipal-du-20-mars-2026.pdf\u00a0\u00bb link_option_url_new_window=\u00a0\u00bbon\u00a0\u00bb border_radii_image=\u00a0\u00bbon|10px|10px|10px|10px\u00a0\u00bb global_colors_info=\u00a0\u00bb{}\u00a0\u00bb]<\/p>\n<p>20 mars 2026<\/p>\n<p>[\/et_pb_blurb][et_pb_blurb use_icon=\u00a0\u00bbon\u00a0\u00bb font_icon=\u00a0\u00bb&#x6c;||divi||400&Prime; icon_color=\u00a0\u00bb#27584D\u00a0\u00bb image_icon_background_color=\u00a0\u00bb#FFFFFF\u00a0\u00bb image_icon_width=\u00a0\u00bb40px\u00a0\u00bb _builder_version=\u00a0\u00bb4.27.4&Prime; _module_preset=\u00a0\u00bbdefault\u00a0\u00bb body_font=\u00a0\u00bb|700|||||||\u00a0\u00bb body_text_color=\u00a0\u00bb#27584D\u00a0\u00bb body_font_size=\u00a0\u00bb16px\u00a0\u00bb image_icon_custom_padding=\u00a0\u00bb10px|10px|10px|10px|true|true\u00a0\u00bb text_orientation=\u00a0\u00bbcenter\u00a0\u00bb custom_margin=\u00a0\u00bb||1vw||false|false\u00a0\u00bb custom_padding=\u00a0\u00bb||||false|false\u00a0\u00bb link_option_url=\u00a0\u00bbhttps:\/\/mairie-vimpelles.fr\/wp-content\/uploads\/2025\/12\/PROCES-VERBAL-du-24-novembre-2025.pdf\u00a0\u00bb link_option_url_new_window=\u00a0\u00bbon\u00a0\u00bb border_radii_image=\u00a0\u00bbon|10px|10px|10px|10px\u00a0\u00bb global_colors_info=\u00a0\u00bb{}\u00a0\u00bb]<\/p>\n<p>24 novembre 2025<\/p>\n<p>[\/et_pb_blurb][et_pb_blurb use_icon=\u00a0\u00bbon\u00a0\u00bb font_icon=\u00a0\u00bb&#x6c;||divi||400&Prime; icon_color=\u00a0\u00bb#27584D\u00a0\u00bb image_icon_background_color=\u00a0\u00bb#FFFFFF\u00a0\u00bb image_icon_width=\u00a0\u00bb40px\u00a0\u00bb _builder_version=\u00a0\u00bb4.27.4&Prime; _module_preset=\u00a0\u00bbdefault\u00a0\u00bb body_font=\u00a0\u00bb|700|||||||\u00a0\u00bb body_text_color=\u00a0\u00bb#27584D\u00a0\u00bb body_font_size=\u00a0\u00bb16px\u00a0\u00bb image_icon_custom_padding=\u00a0\u00bb10px|10px|10px|10px|true|true\u00a0\u00bb text_orientation=\u00a0\u00bbcenter\u00a0\u00bb custom_margin=\u00a0\u00bb3vw||1vw||false|false\u00a0\u00bb custom_padding=\u00a0\u00bb||||false|false\u00a0\u00bb link_option_url=\u00a0\u00bbhttps:\/\/mairie-vimpelles.fr\/wp-content\/uploads\/2025\/06\/PROCES-VERBAL-du-12-mai-2025.pdf\u00a0\u00bb link_option_url_new_window=\u00a0\u00bbon\u00a0\u00bb border_radii_image=\u00a0\u00bbon|10px|10px|10px|10px\u00a0\u00bb global_colors_info=\u00a0\u00bb{}\u00a0\u00bb]<\/p>\n<p>12 mai 2025<\/p>\n<p>[\/et_pb_blurb][\/et_pb_column][\/et_pb_row][\/et_pb_section]<\/p>\n","protected":false},"excerpt":{"rendered":"<p>La mairieLe conseil municipalNadine DELATTRE &#8211; Maire \u2726 Yannick MASSON \u00a0&#8211; \u00a01er adjoint\u2726 Nathalie MOREAU \u00a0&#8211; 2\u00e8me adjoint\u2726 St\u00e9phane REMBLIER \u00a0&#8211; 3\u00e8me adjoint Conseillers Municipaux \u2726 St\u00e9phane LE FOLL\u2726 Audrey DUMONT\u2726 Guillaume LANGELLIER\u2726 Am\u00e9lie TH\u00c9RAUBE\u2726 Arnaud AUG\u00c9\u2726 Myriam DELCAMBRE\u2726 Philippe GARCIA\u2726 St\u00e9phanie BAZIN\u2726 David ROBALO GOMES\u2726 Isabelle KUPIECKI\u2726 C\u00e9dric SAUDRY &nbsp;Nous avons le plaisir de [&hellip;]<\/p>\n","protected":false},"author":1,"featured_media":0,"parent":0,"menu_order":0,"comment_status":"closed","ping_status":"closed","template":"","meta":{"_et_pb_use_builder":"on","_et_pb_old_content":"","_et_gb_content_width":"","footnotes":""},"class_list":["post-175","page","type-page","status-publish","hentry"],"_links":{"self":[{"href":"https:\/\/mairie-vimpelles.fr\/index.php\/wp-json\/wp\/v2\/pages\/175","targetHints":{"allow":["GET"]}}],"collection":[{"href":"https:\/\/mairie-vimpelles.fr\/index.php\/wp-json\/wp\/v2\/pages"}],"about":[{"href":"https:\/\/mairie-vimpelles.fr\/index.php\/wp-json\/wp\/v2\/types\/page"}],"author":[{"embeddable":true,"href":"https:\/\/mairie-vimpelles.fr\/index.php\/wp-json\/wp\/v2\/users\/1"}],"replies":[{"embeddable":true,"href":"https:\/\/mairie-vimpelles.fr\/index.php\/wp-json\/wp\/v2\/comments?post=175"}],"version-history":[{"count":31,"href":"https:\/\/mairie-vimpelles.fr\/index.php\/wp-json\/wp\/v2\/pages\/175\/revisions"}],"predecessor-version":[{"id":1302,"href":"https:\/\/mairie-vimpelles.fr\/index.php\/wp-json\/wp\/v2\/pages\/175\/revisions\/1302"}],"wp:attachment":[{"href":"https:\/\/mairie-vimpelles.fr\/index.php\/wp-json\/wp\/v2\/media?parent=175"}],"curies":[{"name":"wp","href":"https:\/\/api.w.org\/{rel}","templated":true}]}}