{"id":221,"date":"2025-02-07T14:23:57","date_gmt":"2025-02-07T14:23:57","guid":{"rendered":"https:\/\/devvimpelles.albys.com\/?page_id=221"},"modified":"2025-05-26T17:24:12","modified_gmt":"2025-05-26T17:24:12","slug":"location-salle-des-fetes","status":"publish","type":"page","link":"https:\/\/mairie-vimpelles.fr\/index.php\/location-salle-des-fetes\/","title":{"rendered":"Location salle des f\u00eates"},"content":{"rendered":"<p>[et_pb_section fb_built=\u00a0\u00bb1&Prime; _builder_version=\u00a0\u00bb4.27.4&Prime; _module_preset=\u00a0\u00bbdefault\u00a0\u00bb background_color=\u00a0\u00bb#27584D\u00a0\u00bb custom_margin=\u00a0\u00bb-5vw||||false|false\u00a0\u00bb global_colors_info=\u00a0\u00bb{}\u00a0\u00bb][et_pb_row _builder_version=\u00a0\u00bb4.27.4&Prime; _module_preset=\u00a0\u00bbdefault\u00a0\u00bb animation_style=\u00a0\u00bbfade\u00a0\u00bb animation_duration=\u00a0\u00bb1200ms\u00a0\u00bb global_colors_info=\u00a0\u00bb{}\u00a0\u00bb][et_pb_column type=\u00a0\u00bb4_4&Prime; _builder_version=\u00a0\u00bb4.27.4&Prime; _module_preset=\u00a0\u00bbdefault\u00a0\u00bb global_colors_info=\u00a0\u00bb{}\u00a0\u00bb][et_pb_text _builder_version=\u00a0\u00bb4.27.4&Prime; _module_preset=\u00a0\u00bbdefault\u00a0\u00bb header_font=\u00a0\u00bb|700||on|||||\u00a0\u00bb header_text_align=\u00a0\u00bbcenter\u00a0\u00bb header_text_color=\u00a0\u00bb#FFFFFF\u00a0\u00bb header_font_size=\u00a0\u00bb55px\u00a0\u00bb global_colors_info=\u00a0\u00bb{}\u00a0\u00bb]<\/p>\n<h1>Location salle des f\u00eates<\/h1>\n<p>[\/et_pb_text][\/et_pb_column][\/et_pb_row][\/et_pb_section][et_pb_section fb_built=\u00a0\u00bb1&Prime; admin_label=\u00a0\u00bbHeader\u00a0\u00bb _builder_version=\u00a0\u00bb4.20.0&Prime; _module_preset=\u00a0\u00bbdefault\u00a0\u00bb collapsed=\u00a0\u00bbon\u00a0\u00bb global_colors_info=\u00a0\u00bb{}\u00a0\u00bb][et_pb_row _builder_version=\u00a0\u00bb4.20.0&Prime; _module_preset=\u00a0\u00bbdefault\u00a0\u00bb global_colors_info=\u00a0\u00bb{}\u00a0\u00bb][et_pb_column type=\u00a0\u00bb4_4&Prime; _builder_version=\u00a0\u00bb4.20.0&Prime; _module_preset=\u00a0\u00bbdefault\u00a0\u00bb global_colors_info=\u00a0\u00bb{}\u00a0\u00bb][et_pb_text _builder_version=\u00a0\u00bb4.27.4&Prime; _module_preset=\u00a0\u00bb_initial\u00a0\u00bb global_colors_info=\u00a0\u00bb{}\u00a0\u00bb]<\/p>\n<h1>Pr\u00e9sentation de la salle des f\u00eates \u00ab\u00a0Roger GRELLET\u00a0\u00bb<\/h1>\n<p>[\/et_pb_text][et_pb_divider color=\u00a0\u00bb#4FA591&Prime; divider_weight=\u00a0\u00bb4px\u00a0\u00bb _builder_version=\u00a0\u00bb4.27.4&Prime; _module_preset=\u00a0\u00bbdefault\u00a0\u00bb max_width=\u00a0\u00bb20%\u00a0\u00bb global_colors_info=\u00a0\u00bb{}\u00a0\u00bb][\/et_pb_divider][\/et_pb_column][\/et_pb_row][et_pb_row column_structure=\u00a0\u00bb2_5,3_5&Prime; _builder_version=\u00a0\u00bb4.27.4&Prime; _module_preset=\u00a0\u00bbdefault\u00a0\u00bb custom_padding=\u00a0\u00bb||||false|false\u00a0\u00bb global_colors_info=\u00a0\u00bb{}\u00a0\u00bb][et_pb_column type=\u00a0\u00bb2_5&Prime; _builder_version=\u00a0\u00bb4.20.0&Prime; _module_preset=\u00a0\u00bbdefault\u00a0\u00bb global_colors_info=\u00a0\u00bb{}\u00a0\u00bb][et_pb_text _builder_version=\u00a0\u00bb4.27.4&Prime; _module_preset=\u00a0\u00bb67fcce40-abf1-4a0e-a204-9e3940126241&Prime; text_font=\u00a0\u00bb||||||||\u00a0\u00bb text_font_size=\u00a0\u00bb16px\u00a0\u00bb text_line_height=\u00a0\u00bb1.6em\u00a0\u00bb background_color=\u00a0\u00bb#7EBEC5&Prime; background_enable_color=\u00a0\u00bboff\u00a0\u00bb text_font_size_tablet=\u00a0\u00bb15px\u00a0\u00bb global_colors_info=\u00a0\u00bb{}\u00a0\u00bb]<\/p>\n<p>La salle des f\u00eates est situ\u00e9e dans un \u00e9crin de verdure en bordure de l&rsquo;eau, offrant un cadre paisible et agr\u00e9able pour tous les \u00e9v\u00e9nements. Entour\u00e9e par la nature, elle dispose de places de parking pratiques et d&rsquo;un espace jeux s\u00e9curis\u00e9, id\u00e9al pour divertir les enfants pendant les r\u00e9ceptions ou les activit\u00e9s familiales.<\/p>\n<p>Que ce soit pour des mariages, des banquets ou des \u00e9v\u00e9nements communautaires, la salle des f\u00eates est le lieu parfait pour cr\u00e9er des souvenirs inoubliables dans un cadre enchanteur.<\/p>\n<p>[\/et_pb_text][et_pb_button button_url=\u00a0\u00bb@ET-DC@eyJkeW5hbWljIjp0cnVlLCJjb250ZW50IjoicG9zdF9saW5rX3VybF9wYWdlIiwic2V0dGluZ3MiOnsicG9zdF9pZCI6IjIzOSJ9fQ==@\u00a0\u00bb button_text=\u00a0\u00bbContacter la mairie\u00a0\u00bb _builder_version=\u00a0\u00bb4.27.4&Prime; _dynamic_attributes=\u00a0\u00bbbutton_url\u00a0\u00bb _module_preset=\u00a0\u00bbdefault\u00a0\u00bb button_bg_color=\u00a0\u00bb#4FA591&Prime; global_colors_info=\u00a0\u00bb{}\u00a0\u00bb][\/et_pb_button][\/et_pb_column][et_pb_column type=\u00a0\u00bb3_5&Prime; _builder_version=\u00a0\u00bb4.20.0&Prime; _module_preset=\u00a0\u00bbdefault\u00a0\u00bb global_colors_info=\u00a0\u00bb{}\u00a0\u00bb][et_pb_slider use_bg_overlay=\u00a0\u00bboff\u00a0\u00bb use_text_overlay=\u00a0\u00bboff\u00a0\u00bb arrows_custom_color=\u00a0\u00bb#27584D\u00a0\u00bb dot_nav_custom_color=\u00a0\u00bb#27584D\u00a0\u00bb _builder_version=\u00a0\u00bb4.27.4&Prime; _module_preset=\u00a0\u00bbdefault\u00a0\u00bb background_color=\u00a0\u00bbRGBA(255,255,255,0)\u00a0\u00bb custom_margin=\u00a0\u00bb-6vw||||false|false\u00a0\u00bb custom_padding=\u00a0\u00bb0px||0px||true|false\u00a0\u00bb border_radii_image=\u00a0\u00bbon|20px|20px|20px|20px\u00a0\u00bb box_shadow_style_image=\u00a0\u00bbpreset1&Prime; global_colors_info=\u00a0\u00bb{}\u00a0\u00bb][et_pb_slide image=\u00a0\u00bbhttps:\/\/devvimpelles.albys.com\/wp-content\/uploads\/2025\/02\/2b.png\u00a0\u00bb arrows_custom_color=\u00a0\u00bb#4FA591&Prime; _builder_version=\u00a0\u00bb4.27.4&Prime; _module_preset=\u00a0\u00bbdefault\u00a0\u00bb background_enable_color=\u00a0\u00bboff\u00a0\u00bb global_colors_info=\u00a0\u00bb{}\u00a0\u00bb sticky_transition=\u00a0\u00bbon\u00a0\u00bb][\/et_pb_slide][et_pb_slide image=\u00a0\u00bbhttps:\/\/devvimpelles.albys.com\/wp-content\/uploads\/2025\/02\/3.png\u00a0\u00bb _builder_version=\u00a0\u00bb4.27.4&Prime; _module_preset=\u00a0\u00bbdefault\u00a0\u00bb background_enable_color=\u00a0\u00bboff\u00a0\u00bb global_colors_info=\u00a0\u00bb{}\u00a0\u00bb sticky_transition=\u00a0\u00bbon\u00a0\u00bb][\/et_pb_slide][et_pb_slide image=\u00a0\u00bbhttps:\/\/devvimpelles.albys.com\/wp-content\/uploads\/2025\/02\/4.png\u00a0\u00bb _builder_version=\u00a0\u00bb4.27.4&Prime; _module_preset=\u00a0\u00bbdefault\u00a0\u00bb background_enable_color=\u00a0\u00bboff\u00a0\u00bb global_colors_info=\u00a0\u00bb{}\u00a0\u00bb sticky_transition=\u00a0\u00bbon\u00a0\u00bb][\/et_pb_slide][et_pb_slide image=\u00a0\u00bbhttps:\/\/devvimpelles.albys.com\/wp-content\/uploads\/2025\/02\/SAM_2989_s.jpg\u00a0\u00bb _builder_version=\u00a0\u00bb4.27.4&Prime; _module_preset=\u00a0\u00bbdefault\u00a0\u00bb background_enable_color=\u00a0\u00bboff\u00a0\u00bb global_colors_info=\u00a0\u00bb{}\u00a0\u00bb sticky_transition=\u00a0\u00bbon\u00a0\u00bb][\/et_pb_slide][et_pb_slide image=\u00a0\u00bbhttps:\/\/devvimpelles.albys.com\/wp-content\/uploads\/2025\/03\/IMG_2856.jpg\u00a0\u00bb _builder_version=\u00a0\u00bb4.27.4&Prime; _module_preset=\u00a0\u00bbdefault\u00a0\u00bb global_colors_info=\u00a0\u00bb{}\u00a0\u00bb sticky_transition=\u00a0\u00bbon\u00a0\u00bb][\/et_pb_slide][et_pb_slide image=\u00a0\u00bbhttps:\/\/devvimpelles.albys.com\/wp-content\/uploads\/2025\/03\/IMG_5386.jpg\u00a0\u00bb _builder_version=\u00a0\u00bb4.27.4&Prime; _module_preset=\u00a0\u00bbdefault\u00a0\u00bb global_colors_info=\u00a0\u00bb{}\u00a0\u00bb sticky_transition=\u00a0\u00bbon\u00a0\u00bb][\/et_pb_slide][et_pb_slide image=\u00a0\u00bbhttps:\/\/devvimpelles.albys.com\/wp-content\/uploads\/2025\/03\/IMG_5387.jpg\u00a0\u00bb _builder_version=\u00a0\u00bb4.27.4&Prime; _module_preset=\u00a0\u00bbdefault\u00a0\u00bb global_colors_info=\u00a0\u00bb{}\u00a0\u00bb sticky_transition=\u00a0\u00bbon\u00a0\u00bb][\/et_pb_slide][\/et_pb_slider][\/et_pb_column][\/et_pb_row][\/et_pb_section][et_pb_section fb_built=\u00a0\u00bb1&Prime; prev_background_color=\u00a0\u00bb#ffffff\u00a0\u00bb admin_label=\u00a0\u00bbFeatures\u00a0\u00bb _builder_version=\u00a0\u00bb4.27.4&Prime; _module_preset=\u00a0\u00bbdefault\u00a0\u00bb background_color=\u00a0\u00bb#27584D\u00a0\u00bb top_divider_style=\u00a0\u00bbwave2&Prime; locked=\u00a0\u00bboff\u00a0\u00bb collapsed=\u00a0\u00bbon\u00a0\u00bb global_colors_info=\u00a0\u00bb{}\u00a0\u00bb][et_pb_row _builder_version=\u00a0\u00bb4.20.0&Prime; _module_preset=\u00a0\u00bbdefault\u00a0\u00bb locked=\u00a0\u00bboff\u00a0\u00bb global_colors_info=\u00a0\u00bb{}\u00a0\u00bb][et_pb_column type=\u00a0\u00bb4_4&Prime; _builder_version=\u00a0\u00bb4.20.0&Prime; _module_preset=\u00a0\u00bbdefault\u00a0\u00bb global_colors_info=\u00a0\u00bb{}\u00a0\u00bb][et_pb_text _builder_version=\u00a0\u00bb4.27.4&Prime; _module_preset=\u00a0\u00bb_initial\u00a0\u00bb header_text_color=\u00a0\u00bb#FFFFFF\u00a0\u00bb custom_margin=\u00a0\u00bb1vw||||false|false\u00a0\u00bb global_colors_info=\u00a0\u00bb{}\u00a0\u00bb]<\/p>\n<h1>Caract\u00e9ristiques de la salle<\/h1>\n<p>[\/et_pb_text][et_pb_divider color=\u00a0\u00bb#4FA591&Prime; divider_weight=\u00a0\u00bb4px\u00a0\u00bb _builder_version=\u00a0\u00bb4.27.4&Prime; _module_preset=\u00a0\u00bbdefault\u00a0\u00bb max_width=\u00a0\u00bb20%\u00a0\u00bb global_colors_info=\u00a0\u00bb{}\u00a0\u00bb][\/et_pb_divider][\/et_pb_column][\/et_pb_row][et_pb_row column_structure=\u00a0\u00bb1_2,1_2&Prime; _builder_version=\u00a0\u00bb4.24.2&Prime; _module_preset=\u00a0\u00bb5138c454-be54-4233-bd3b-f8e6a8747976&Prime; global_colors_info=\u00a0\u00bb{}\u00a0\u00bb][et_pb_column type=\u00a0\u00bb1_2&Prime; _builder_version=\u00a0\u00bb4.17.3&Prime; _module_preset=\u00a0\u00bb73121f80-a3ef-4484-8763-c3f18e3c56d2&Prime; global_colors_info=\u00a0\u00bb{}\u00a0\u00bb][et_pb_blurb title=\u00a0\u00bbCapacit\u00e9 Totale\u00a0\u00bb use_icon=\u00a0\u00bbon\u00a0\u00bb font_icon=\u00a0\u00bb&#xf0a9;||fa||900&Prime; icon_color=\u00a0\u00bb#FFF500&Prime; icon_placement=\u00a0\u00bbleft\u00a0\u00bb image_icon_width=\u00a0\u00bb40px\u00a0\u00bb content_max_width=\u00a0\u00bb100%\u00a0\u00bb _builder_version=\u00a0\u00bb4.27.4&Prime; _module_preset=\u00a0\u00bb65059203-12d3-44f6-8371-3f5cf61a0475&Prime; header_level=\u00a0\u00bbh3&Prime; header_font=\u00a0\u00bb|Playfair Display_weight|||||||\u00a0\u00bb header_text_color=\u00a0\u00bb#FFFFFF\u00a0\u00bb header_font_size=\u00a0\u00bb20px\u00a0\u00bb header_line_height=\u00a0\u00bb1.4em\u00a0\u00bb body_font=\u00a0\u00bb|Source Sans Pro_weight|||||||\u00a0\u00bb body_text_color=\u00a0\u00bb#FFFFFF\u00a0\u00bb body_font_size=\u00a0\u00bb16px\u00a0\u00bb body_line_height=\u00a0\u00bb1.75em\u00a0\u00bb body_link_text_color=\u00a0\u00bb#22577a\u00a0\u00bb animation=\u00a0\u00bboff\u00a0\u00bb header_font_size_tablet=\u00a0\u00bb15px\u00a0\u00bb header_font_size_phone=\u00a0\u00bb14px\u00a0\u00bb header_font_size_last_edited=\u00a0\u00bbon|phone\u00a0\u00bb body_font_size_tablet=\u00a0\u00bb15px\u00a0\u00bb body_font_size_phone=\u00a0\u00bb14px\u00a0\u00bb body_font_size_last_edited=\u00a0\u00bbon|desktop\u00a0\u00bb border_radii_image=\u00a0\u00bbon|6px|6px|6px|6px\u00a0\u00bb locked=\u00a0\u00bboff\u00a0\u00bb global_colors_info=\u00a0\u00bb{%22gcid-36fd78a7-34bc-404d-873c-dafa34efaae5%22:%91%22image_icon_background_color%22,%22image_icon_background_color%22,%22image_icon_background_color%22%93,%22#0e0c19%22:%91%22header_text_color%22,%22header_text_color%22,%22header_text_color%22%93,%22#3c3a47%22:%91%22body_text_color%22,%22body_text_color%22,%22body_text_color%22%93,%22#57cc99%22:%91%22icon_color%22%93}\u00a0\u00bb]<\/p>\n<p>La salle des f\u00eates peut accueillir jusqu&rsquo;\u00e0 170 personnes, id\u00e9ale pour les grands \u00e9v\u00e9nements.<\/p>\n<p>[\/et_pb_blurb][et_pb_blurb title=\u00a0\u00bbCapacit\u00e9 Assise\u00a0\u00bb use_icon=\u00a0\u00bbon\u00a0\u00bb font_icon=\u00a0\u00bb&#xf0a9;||fa||900&Prime; icon_color=\u00a0\u00bb#FFF500&Prime; icon_placement=\u00a0\u00bbleft\u00a0\u00bb image_icon_width=\u00a0\u00bb40px\u00a0\u00bb content_max_width=\u00a0\u00bb100%\u00a0\u00bb _builder_version=\u00a0\u00bb4.24.3&Prime; _module_preset=\u00a0\u00bb65059203-12d3-44f6-8371-3f5cf61a0475&Prime; header_level=\u00a0\u00bbh3&Prime; header_font=\u00a0\u00bb|Playfair Display_weight|||||||\u00a0\u00bb header_text_color=\u00a0\u00bb#FFFFFF\u00a0\u00bb header_font_size=\u00a0\u00bb20px\u00a0\u00bb header_line_height=\u00a0\u00bb1.4em\u00a0\u00bb body_font=\u00a0\u00bb|Source Sans Pro_weight|||||||\u00a0\u00bb body_text_color=\u00a0\u00bb#FFFFFF\u00a0\u00bb body_font_size=\u00a0\u00bb16px\u00a0\u00bb body_line_height=\u00a0\u00bb1.75em\u00a0\u00bb body_link_text_color=\u00a0\u00bb#22577a\u00a0\u00bb animation=\u00a0\u00bboff\u00a0\u00bb header_font_size_tablet=\u00a0\u00bb15px\u00a0\u00bb header_font_size_phone=\u00a0\u00bb14px\u00a0\u00bb header_font_size_last_edited=\u00a0\u00bbon|phone\u00a0\u00bb body_font_size_tablet=\u00a0\u00bb15px\u00a0\u00bb body_font_size_phone=\u00a0\u00bb14px\u00a0\u00bb body_font_size_last_edited=\u00a0\u00bbon|desktop\u00a0\u00bb border_radii_image=\u00a0\u00bbon|6px|6px|6px|6px\u00a0\u00bb locked=\u00a0\u00bboff\u00a0\u00bb global_colors_info=\u00a0\u00bb{%22gcid-36fd78a7-34bc-404d-873c-dafa34efaae5%22:%91%22image_icon_background_color%22,%22image_icon_background_color%22,%22image_icon_background_color%22%93,%22#0e0c19%22:%91%22header_text_color%22,%22header_text_color%22,%22header_text_color%22%93,%22#3c3a47%22:%91%22body_text_color%22,%22body_text_color%22,%22body_text_color%22%93,%22#57cc99%22:%91%22icon_color%22%93}\u00a0\u00bb]<\/p>\n<p>Profitez de 130 places assises confortables pour vos invit\u00e9s lors de vos r\u00e9ceptions.<\/p>\n<p>[\/et_pb_blurb][et_pb_blurb title=\u00a0\u00bbTarifs Avantageux\u00a0\u00bb use_icon=\u00a0\u00bbon\u00a0\u00bb font_icon=\u00a0\u00bb&#xf0a9;||fa||900&Prime; icon_color=\u00a0\u00bb#FFF500&Prime; icon_placement=\u00a0\u00bbleft\u00a0\u00bb image_icon_width=\u00a0\u00bb40px\u00a0\u00bb content_max_width=\u00a0\u00bb100%\u00a0\u00bb _builder_version=\u00a0\u00bb4.24.3&Prime; _module_preset=\u00a0\u00bb65059203-12d3-44f6-8371-3f5cf61a0475&Prime; header_level=\u00a0\u00bbh3&Prime; header_font=\u00a0\u00bb|Playfair Display_weight|||||||\u00a0\u00bb header_text_color=\u00a0\u00bb#FFFFFF\u00a0\u00bb header_font_size=\u00a0\u00bb20px\u00a0\u00bb header_line_height=\u00a0\u00bb1.4em\u00a0\u00bb body_font=\u00a0\u00bb|Source Sans Pro_weight|||||||\u00a0\u00bb body_text_color=\u00a0\u00bb#FFFFFF\u00a0\u00bb body_font_size=\u00a0\u00bb16px\u00a0\u00bb body_line_height=\u00a0\u00bb1.75em\u00a0\u00bb body_link_text_color=\u00a0\u00bb#22577a\u00a0\u00bb animation=\u00a0\u00bboff\u00a0\u00bb header_font_size_tablet=\u00a0\u00bb15px\u00a0\u00bb header_font_size_phone=\u00a0\u00bb14px\u00a0\u00bb header_font_size_last_edited=\u00a0\u00bbon|phone\u00a0\u00bb body_font_size_tablet=\u00a0\u00bb15px\u00a0\u00bb body_font_size_phone=\u00a0\u00bb14px\u00a0\u00bb body_font_size_last_edited=\u00a0\u00bbon|desktop\u00a0\u00bb border_radii_image=\u00a0\u00bbon|6px|6px|6px|6px\u00a0\u00bb locked=\u00a0\u00bboff\u00a0\u00bb global_colors_info=\u00a0\u00bb{%22gcid-36fd78a7-34bc-404d-873c-dafa34efaae5%22:%91%22image_icon_background_color%22,%22image_icon_background_color%22,%22image_icon_background_color%22%93,%22#0e0c19%22:%91%22header_text_color%22,%22header_text_color%22,%22header_text_color%22%93,%22#3c3a47%22:%91%22body_text_color%22,%22body_text_color%22,%22body_text_color%22%93,%22#57cc99%22:%91%22icon_color%22%93}\u00a0\u00bb]<\/p>\n<p>Des prix comp\u00e9titifs sont propos\u00e9s pour les r\u00e9sidents de Vimpelles, rendant la location accessible \u00e0 tous.<\/p>\n<p>[\/et_pb_blurb][\/et_pb_column][et_pb_column type=\u00a0\u00bb1_2&Prime; _builder_version=\u00a0\u00bb4.17.3&Prime; _module_preset=\u00a0\u00bb73121f80-a3ef-4484-8763-c3f18e3c56d2&Prime; global_colors_info=\u00a0\u00bb{}\u00a0\u00bb][et_pb_blurb title=\u00a0\u00bb\u00c9quipement Disponible\u00a0\u00bb use_icon=\u00a0\u00bbon\u00a0\u00bb font_icon=\u00a0\u00bb&#xf0a9;||fa||900&Prime; icon_color=\u00a0\u00bb#FFF500&Prime; icon_placement=\u00a0\u00bbleft\u00a0\u00bb image_icon_width=\u00a0\u00bb40px\u00a0\u00bb content_max_width=\u00a0\u00bb100%\u00a0\u00bb _builder_version=\u00a0\u00bb4.24.3&Prime; _module_preset=\u00a0\u00bb65059203-12d3-44f6-8371-3f5cf61a0475&Prime; header_level=\u00a0\u00bbh3&Prime; header_font=\u00a0\u00bb|Playfair Display_weight|||||||\u00a0\u00bb header_text_color=\u00a0\u00bb#FFFFFF\u00a0\u00bb header_font_size=\u00a0\u00bb20px\u00a0\u00bb header_line_height=\u00a0\u00bb1.4em\u00a0\u00bb body_font=\u00a0\u00bb|Source Sans Pro_weight|||||||\u00a0\u00bb body_text_color=\u00a0\u00bb#FFFFFF\u00a0\u00bb body_font_size=\u00a0\u00bb16px\u00a0\u00bb body_line_height=\u00a0\u00bb1.75em\u00a0\u00bb body_link_text_color=\u00a0\u00bb#22577a\u00a0\u00bb animation=\u00a0\u00bboff\u00a0\u00bb header_font_size_tablet=\u00a0\u00bb15px\u00a0\u00bb header_font_size_phone=\u00a0\u00bb14px\u00a0\u00bb header_font_size_last_edited=\u00a0\u00bbon|phone\u00a0\u00bb body_font_size_tablet=\u00a0\u00bb15px\u00a0\u00bb body_font_size_phone=\u00a0\u00bb14px\u00a0\u00bb body_font_size_last_edited=\u00a0\u00bbon|desktop\u00a0\u00bb border_radii_image=\u00a0\u00bbon|6px|6px|6px|6px\u00a0\u00bb locked=\u00a0\u00bboff\u00a0\u00bb global_colors_info=\u00a0\u00bb{%22gcid-36fd78a7-34bc-404d-873c-dafa34efaae5%22:%91%22image_icon_background_color%22,%22image_icon_background_color%22,%22image_icon_background_color%22%93,%22#0e0c19%22:%91%22header_text_color%22,%22header_text_color%22,%22header_text_color%22%93,%22#3c3a47%22:%91%22body_text_color%22,%22body_text_color%22,%22body_text_color%22%93,%22#57cc99%22:%91%22icon_color%22%93}\u00a0\u00bb]<\/p>\n<p>La salle est \u00e9quip\u00e9e de tout le mat\u00e9riel n\u00e9cessaire pour assurer le succ\u00e8s de votre \u00e9v\u00e9nement.<\/p>\n<p>[\/et_pb_blurb][et_pb_blurb title=\u00a0\u00bbCadre Enchanteur\u00a0\u00bb use_icon=\u00a0\u00bbon\u00a0\u00bb font_icon=\u00a0\u00bb&#xf0a9;||fa||900&Prime; icon_color=\u00a0\u00bb#FFF500&Prime; icon_placement=\u00a0\u00bbleft\u00a0\u00bb image_icon_width=\u00a0\u00bb40px\u00a0\u00bb content_max_width=\u00a0\u00bb100%\u00a0\u00bb _builder_version=\u00a0\u00bb4.24.3&Prime; _module_preset=\u00a0\u00bb65059203-12d3-44f6-8371-3f5cf61a0475&Prime; header_level=\u00a0\u00bbh3&Prime; header_font=\u00a0\u00bb|Playfair Display_weight|||||||\u00a0\u00bb header_text_color=\u00a0\u00bb#FFFFFF\u00a0\u00bb header_font_size=\u00a0\u00bb20px\u00a0\u00bb header_line_height=\u00a0\u00bb1.4em\u00a0\u00bb body_font=\u00a0\u00bb|Source Sans Pro_weight|||||||\u00a0\u00bb body_text_color=\u00a0\u00bb#FFFFFF\u00a0\u00bb body_font_size=\u00a0\u00bb16px\u00a0\u00bb body_line_height=\u00a0\u00bb1.75em\u00a0\u00bb body_link_text_color=\u00a0\u00bb#22577a\u00a0\u00bb animation=\u00a0\u00bboff\u00a0\u00bb header_font_size_tablet=\u00a0\u00bb15px\u00a0\u00bb header_font_size_phone=\u00a0\u00bb14px\u00a0\u00bb header_font_size_last_edited=\u00a0\u00bbon|phone\u00a0\u00bb body_font_size_tablet=\u00a0\u00bb15px\u00a0\u00bb body_font_size_phone=\u00a0\u00bb14px\u00a0\u00bb body_font_size_last_edited=\u00a0\u00bbon|desktop\u00a0\u00bb border_radii_image=\u00a0\u00bbon|6px|6px|6px|6px\u00a0\u00bb locked=\u00a0\u00bboff\u00a0\u00bb global_colors_info=\u00a0\u00bb{%22gcid-36fd78a7-34bc-404d-873c-dafa34efaae5%22:%91%22image_icon_background_color%22,%22image_icon_background_color%22,%22image_icon_background_color%22%93,%22#0e0c19%22:%91%22header_text_color%22,%22header_text_color%22,%22header_text_color%22%93,%22#3c3a47%22:%91%22body_text_color%22,%22body_text_color%22,%22body_text_color%22%93,%22#57cc99%22:%91%22icon_color%22%93}\u00a0\u00bb]<\/p>\n<p>Situ\u00e9e dans un cadre naturel paisible, la salle offre un environnement parfait pour vos c\u00e9l\u00e9brations.<\/p>\n<p>[\/et_pb_blurb][et_pb_blurb title=\u00a0\u00bbAccessibilit\u00e9\u00a0\u00bb use_icon=\u00a0\u00bbon\u00a0\u00bb font_icon=\u00a0\u00bb&#xf0a9;||fa||900&Prime; icon_color=\u00a0\u00bb#FFF500&Prime; icon_placement=\u00a0\u00bbleft\u00a0\u00bb image_icon_width=\u00a0\u00bb40px\u00a0\u00bb content_max_width=\u00a0\u00bb100%\u00a0\u00bb _builder_version=\u00a0\u00bb4.24.3&Prime; _module_preset=\u00a0\u00bb65059203-12d3-44f6-8371-3f5cf61a0475&Prime; header_level=\u00a0\u00bbh3&Prime; header_font=\u00a0\u00bb|Playfair Display_weight|||||||\u00a0\u00bb header_text_color=\u00a0\u00bb#FFFFFF\u00a0\u00bb header_font_size=\u00a0\u00bb20px\u00a0\u00bb header_line_height=\u00a0\u00bb1.4em\u00a0\u00bb body_font=\u00a0\u00bb|Source Sans Pro_weight|||||||\u00a0\u00bb body_text_color=\u00a0\u00bb#FFFFFF\u00a0\u00bb body_font_size=\u00a0\u00bb16px\u00a0\u00bb body_line_height=\u00a0\u00bb1.75em\u00a0\u00bb body_link_text_color=\u00a0\u00bb#22577a\u00a0\u00bb animation=\u00a0\u00bboff\u00a0\u00bb header_font_size_tablet=\u00a0\u00bb15px\u00a0\u00bb header_font_size_phone=\u00a0\u00bb14px\u00a0\u00bb header_font_size_last_edited=\u00a0\u00bbon|phone\u00a0\u00bb body_font_size_tablet=\u00a0\u00bb15px\u00a0\u00bb body_font_size_phone=\u00a0\u00bb14px\u00a0\u00bb body_font_size_last_edited=\u00a0\u00bbon|desktop\u00a0\u00bb border_radii_image=\u00a0\u00bbon|6px|6px|6px|6px\u00a0\u00bb locked=\u00a0\u00bboff\u00a0\u00bb global_colors_info=\u00a0\u00bb{%22gcid-36fd78a7-34bc-404d-873c-dafa34efaae5%22:%91%22image_icon_background_color%22,%22image_icon_background_color%22,%22image_icon_background_color%22%93,%22#0e0c19%22:%91%22header_text_color%22,%22header_text_color%22,%22header_text_color%22%93,%22#3c3a47%22:%91%22body_text_color%22,%22body_text_color%22,%22body_text_color%22%93,%22#57cc99%22:%91%22icon_color%22%93}\u00a0\u00bb]<\/p>\n<p>Facilement accessible avec des places de parking et un espace s\u00e9curis\u00e9 pour les enfants.<\/p>\n<p>[\/et_pb_blurb][\/et_pb_column][\/et_pb_row][et_pb_row column_structure=\u00a0\u00bb1_3,1_3,1_3&Prime; _builder_version=\u00a0\u00bb4.27.4&Prime; _module_preset=\u00a0\u00bbdefault\u00a0\u00bb global_colors_info=\u00a0\u00bb{}\u00a0\u00bb][et_pb_column type=\u00a0\u00bb1_3&Prime; _builder_version=\u00a0\u00bb4.27.4&Prime; _module_preset=\u00a0\u00bbdefault\u00a0\u00bb global_colors_info=\u00a0\u00bb{}\u00a0\u00bb][et_pb_button button_url=\u00a0\u00bbhttps:\/\/mairie-vimpelles.fr\/wp-content\/uploads\/2025\/05\/FicheCompleteSalle.pdf\u00a0\u00bb url_new_window=\u00a0\u00bbon\u00a0\u00bb button_text=\u00a0\u00bbFiche d\u00e9taill\u00e9e\u00a0\u00bb button_alignment=\u00a0\u00bbcenter\u00a0\u00bb _builder_version=\u00a0\u00bb4.27.4&Prime; _module_preset=\u00a0\u00bbdefault\u00a0\u00bb button_bg_color=\u00a0\u00bb#4FA591&Prime; global_colors_info=\u00a0\u00bb{}\u00a0\u00bb][\/et_pb_button][\/et_pb_column][et_pb_column type=\u00a0\u00bb1_3&Prime; _builder_version=\u00a0\u00bb4.27.4&Prime; _module_preset=\u00a0\u00bbdefault\u00a0\u00bb global_colors_info=\u00a0\u00bb{}\u00a0\u00bb][et_pb_button button_url=\u00a0\u00bbhttps:\/\/mairie-vimpelles.fr\/wp-content\/uploads\/2025\/03\/plan_sdf.jpg\u00a0\u00bb url_new_window=\u00a0\u00bbon\u00a0\u00bb button_text=\u00a0\u00bbPlan de la salle\u00a0\u00bb button_alignment=\u00a0\u00bbcenter\u00a0\u00bb _builder_version=\u00a0\u00bb4.27.4&Prime; _module_preset=\u00a0\u00bbdefault\u00a0\u00bb button_bg_color=\u00a0\u00bb#4FA591&Prime; hover_enabled=\u00a0\u00bb0&Prime; global_colors_info=\u00a0\u00bb{}\u00a0\u00bb sticky_enabled=\u00a0\u00bb0&Prime;][\/et_pb_button][\/et_pb_column][et_pb_column type=\u00a0\u00bb1_3&Prime; _builder_version=\u00a0\u00bb4.27.4&Prime; _module_preset=\u00a0\u00bbdefault\u00a0\u00bb global_colors_info=\u00a0\u00bb{}\u00a0\u00bb][et_pb_button button_url=\u00a0\u00bbhttps:\/\/mairie-vimpelles.fr\/wp-content\/uploads\/2025\/03\/Contrat_de_location.pdf\u00a0\u00bb url_new_window=\u00a0\u00bbon\u00a0\u00bb button_text=\u00a0\u00bbContrat de location\u00a0\u00bb button_alignment=\u00a0\u00bbcenter\u00a0\u00bb _builder_version=\u00a0\u00bb4.27.4&Prime; _module_preset=\u00a0\u00bbdefault\u00a0\u00bb button_bg_color=\u00a0\u00bb#4FA591&Prime; hover_enabled=\u00a0\u00bb0&Prime; global_colors_info=\u00a0\u00bb{}\u00a0\u00bb sticky_enabled=\u00a0\u00bb0&Prime;][\/et_pb_button][\/et_pb_column][\/et_pb_row][\/et_pb_section][et_pb_section fb_built=\u00a0\u00bb1&Prime; _builder_version=\u00a0\u00bb4.27.4&Prime; _module_preset=\u00a0\u00bbdefault\u00a0\u00bb global_colors_info=\u00a0\u00bb{}\u00a0\u00bb][et_pb_row _builder_version=\u00a0\u00bb4.20.0&Prime; _module_preset=\u00a0\u00bbdefault\u00a0\u00bb global_colors_info=\u00a0\u00bb{}\u00a0\u00bb][et_pb_column type=\u00a0\u00bb4_4&Prime; _builder_version=\u00a0\u00bb4.20.0&Prime; _module_preset=\u00a0\u00bbdefault\u00a0\u00bb global_colors_info=\u00a0\u00bb{}\u00a0\u00bb][et_pb_text _builder_version=\u00a0\u00bb4.27.4&Prime; _module_preset=\u00a0\u00bb_initial\u00a0\u00bb global_colors_info=\u00a0\u00bb{}\u00a0\u00bb]<\/p>\n<h1>Tarifs 2025 de la location de la salle des f\u00eates<\/h1>\n<p>[\/et_pb_text][et_pb_divider color=\u00a0\u00bb#4FA591&Prime; divider_weight=\u00a0\u00bb4px\u00a0\u00bb _builder_version=\u00a0\u00bb4.27.4&Prime; _module_preset=\u00a0\u00bbdefault\u00a0\u00bb max_width=\u00a0\u00bb20%\u00a0\u00bb global_colors_info=\u00a0\u00bb{}\u00a0\u00bb][\/et_pb_divider][et_pb_text _builder_version=\u00a0\u00bb4.27.4&Prime; _module_preset=\u00a0\u00bb67fcce40-abf1-4a0e-a204-9e3940126241&Prime; text_font=\u00a0\u00bb||||||||\u00a0\u00bb text_font_size=\u00a0\u00bb16px\u00a0\u00bb text_line_height=\u00a0\u00bb1.6em\u00a0\u00bb text_font_size_tablet=\u00a0\u00bb15px\u00a0\u00bb global_colors_info=\u00a0\u00bb{}\u00a0\u00bb]<\/p>\n<p>Voici le tableau des tarifs de location de la salle des f\u00eates, destin\u00e9 \u00e0 informer les r\u00e9sidents de notre commune ainsi que les utilisateurs ext\u00e9rieurs. Vous y trouverez les diff\u00e9rentes options disponibles en fonction de votre statut, afin de r\u00e9pondre au mieux \u00e0 vos besoins pour l&rsquo;organisation de vos \u00e9v\u00e9nements.<\/p>\n<p>[\/et_pb_text][\/et_pb_column][\/et_pb_row][et_pb_row _builder_version=\u00a0\u00bb4.27.4&Prime; _module_preset=\u00a0\u00bbdefault\u00a0\u00bb global_colors_info=\u00a0\u00bb{}\u00a0\u00bb][et_pb_column type=\u00a0\u00bb4_4&Prime; _builder_version=\u00a0\u00bb4.27.4&Prime; _module_preset=\u00a0\u00bbdefault\u00a0\u00bb global_colors_info=\u00a0\u00bb{}\u00a0\u00bb][et_pb_pricing_tables bullet_color=\u00a0\u00bb#FFF500&Prime; featured_table_price_color=\u00a0\u00bb#4FA591&Prime; _builder_version=\u00a0\u00bb4.27.4&Prime; _module_preset=\u00a0\u00bbdefault\u00a0\u00bb price_text_color=\u00a0\u00bb#4FA591&Prime; subheader_text_color=\u00a0\u00bb#4FA591&Prime; header_text_color=\u00a0\u00bb#27584D\u00a0\u00bb header_level=\u00a0\u00bbh3&Prime; header_font_size=\u00a0\u00bb30px\u00a0\u00bb subheader_font=\u00a0\u00bb|600|||||||\u00a0\u00bb subheader_font_size=\u00a0\u00bb20px\u00a0\u00bb animation_style=\u00a0\u00bbzoom\u00a0\u00bb global_colors_info=\u00a0\u00bb{}\u00a0\u00bb][et_pb_pricing_table title=\u00a0\u00bbVIMPELLOIS\u00a0\u00bb subtitle=\u00a0\u00bbWEEK-END\u00a0\u00bb currency=\u00a0\u00bb\u20ac\u00a0\u00bb sum=\u00a0\u00bb300&Prime; _builder_version=\u00a0\u00bb4.27.4&Prime; _module_preset=\u00a0\u00bbdefault\u00a0\u00bb global_colors_info=\u00a0\u00bb{}\u00a0\u00bb sticky_transition=\u00a0\u00bbon\u00a0\u00bb]<\/p>\n<p>Caution demand\u00e9e : 2 ch\u00e8ques de caution de 700 \u20ac \u00e0 l&rsquo;ordre du Tr\u00e9sor Public<\/p>\n<p>Journ\u00e9e seule : 200 \u20ac<\/p>\n<p>Vin d&rsquo;honneur de 15h \u00e0 23h : 200 \u20ac<\/p>\n<p>D\u00e9dit survenant &#8211; de 15 j avant la manifestation : 150 \u20ac<\/p>\n<p>Forfait nettoyage : 60 \u20ac<\/p>\n<p>Forfait dommage constat\u00e9 : En fonction du devis de r\u00e9paration<\/p>\n<p>[\/et_pb_pricing_table][et_pb_pricing_table title=\u00a0\u00bbEXT\u00c9RIEUR\u00a0\u00bb subtitle=\u00a0\u00bbWEEK-END\u00a0\u00bb currency=\u00a0\u00bb\u20ac\u00a0\u00bb sum=\u00a0\u00bb700&Prime; _builder_version=\u00a0\u00bb4.27.4&Prime; _module_preset=\u00a0\u00bbdefault\u00a0\u00bb global_colors_info=\u00a0\u00bb{}\u00a0\u00bb sticky_transition=\u00a0\u00bbon\u00a0\u00bb]<\/p>\n<p>Caution demand\u00e9e : 2 ch\u00e8ques de caution de 700 \u20ac \u00e0 l&rsquo;ordre du Tr\u00e9sor Public<\/p>\n<p>Journ\u00e9e seule : 450 \u20ac<\/p>\n<p>Vin d&rsquo;honneur de 15h \u00e0 23h : 700 \u20ac<\/p>\n<p>D\u00e9dit survenant &#8211; de 15 j avant la manifestation : 150 \u20ac<\/p>\n<p>Forfait nettoyage : 60 \u20ac<\/p>\n<p>Forfait dommage constat\u00e9 : En fonction du devis de r\u00e9paration<\/p>\n<p>[\/et_pb_pricing_table][\/et_pb_pricing_tables][et_pb_button button_url=\u00a0\u00bb@ET-DC@eyJkeW5hbWljIjp0cnVlLCJjb250ZW50IjoicG9zdF9saW5rX3VybF9wYWdlIiwic2V0dGluZ3MiOnsicG9zdF9pZCI6IjIzOSJ9fQ==@\u00a0\u00bb button_text=\u00a0\u00bbDemande de r\u00e9servation\u00a0\u00bb button_alignment=\u00a0\u00bbcenter\u00a0\u00bb _builder_version=\u00a0\u00bb4.27.4&Prime; _dynamic_attributes=\u00a0\u00bbbutton_url\u00a0\u00bb _module_preset=\u00a0\u00bbdefault\u00a0\u00bb button_bg_color=\u00a0\u00bb#4FA591&Prime; global_colors_info=\u00a0\u00bb{}\u00a0\u00bb][\/et_pb_button][\/et_pb_column][\/et_pb_row][\/et_pb_section]<\/p>\n","protected":false},"excerpt":{"rendered":"<p>Location salle des f\u00eatesPr\u00e9sentation de la salle des f\u00eates \u00ab\u00a0Roger GRELLET\u00a0\u00bbLa salle des f\u00eates est situ\u00e9e dans un \u00e9crin de verdure en bordure de l&rsquo;eau, offrant un cadre paisible et agr\u00e9able pour tous les \u00e9v\u00e9nements. Entour\u00e9e par la nature, elle dispose de places de parking pratiques et d&rsquo;un espace jeux s\u00e9curis\u00e9, id\u00e9al pour divertir les [&hellip;]<\/p>\n","protected":false},"author":1,"featured_media":0,"parent":0,"menu_order":0,"comment_status":"closed","ping_status":"closed","template":"","meta":{"_et_pb_use_builder":"on","_et_pb_old_content":"","_et_gb_content_width":"","footnotes":""},"class_list":["post-221","page","type-page","status-publish","hentry"],"_links":{"self":[{"href":"https:\/\/mairie-vimpelles.fr\/index.php\/wp-json\/wp\/v2\/pages\/221","targetHints":{"allow":["GET"]}}],"collection":[{"href":"https:\/\/mairie-vimpelles.fr\/index.php\/wp-json\/wp\/v2\/pages"}],"about":[{"href":"https:\/\/mairie-vimpelles.fr\/index.php\/wp-json\/wp\/v2\/types\/page"}],"author":[{"embeddable":true,"href":"https:\/\/mairie-vimpelles.fr\/index.php\/wp-json\/wp\/v2\/users\/1"}],"replies":[{"embeddable":true,"href":"https:\/\/mairie-vimpelles.fr\/index.php\/wp-json\/wp\/v2\/comments?post=221"}],"version-history":[{"count":36,"href":"https:\/\/mairie-vimpelles.fr\/index.php\/wp-json\/wp\/v2\/pages\/221\/revisions"}],"predecessor-version":[{"id":1100,"href":"https:\/\/mairie-vimpelles.fr\/index.php\/wp-json\/wp\/v2\/pages\/221\/revisions\/1100"}],"wp:attachment":[{"href":"https:\/\/mairie-vimpelles.fr\/index.php\/wp-json\/wp\/v2\/media?parent=221"}],"curies":[{"name":"wp","href":"https:\/\/api.w.org\/{rel}","templated":true}]}}