{"id":233,"date":"2025-02-10T12:19:24","date_gmt":"2025-02-10T12:19:24","guid":{"rendered":"https:\/\/devvimpelles.albys.com\/?page_id=233"},"modified":"2025-05-26T17:23:01","modified_gmt":"2025-05-26T17:23:01","slug":"cadre-de-vie","status":"publish","type":"page","link":"https:\/\/mairie-vimpelles.fr\/index.php\/cadre-de-vie\/","title":{"rendered":"Cadre de vie"},"content":{"rendered":"<p>[et_pb_section fb_built=\u00a0\u00bb1&Prime; _builder_version=\u00a0\u00bb4.27.4&Prime; _module_preset=\u00a0\u00bbdefault\u00a0\u00bb background_color=\u00a0\u00bb#27584D\u00a0\u00bb custom_margin=\u00a0\u00bb-5vw||||false|false\u00a0\u00bb global_colors_info=\u00a0\u00bb{}\u00a0\u00bb][et_pb_row _builder_version=\u00a0\u00bb4.27.4&Prime; _module_preset=\u00a0\u00bbdefault\u00a0\u00bb animation_style=\u00a0\u00bbfade\u00a0\u00bb animation_duration=\u00a0\u00bb1200ms\u00a0\u00bb global_colors_info=\u00a0\u00bb{}\u00a0\u00bb][et_pb_column type=\u00a0\u00bb4_4&Prime; _builder_version=\u00a0\u00bb4.27.4&Prime; _module_preset=\u00a0\u00bbdefault\u00a0\u00bb global_colors_info=\u00a0\u00bb{}\u00a0\u00bb][et_pb_text _builder_version=\u00a0\u00bb4.27.4&Prime; _module_preset=\u00a0\u00bbdefault\u00a0\u00bb header_font=\u00a0\u00bb|700||on|||||\u00a0\u00bb header_text_align=\u00a0\u00bbcenter\u00a0\u00bb header_text_color=\u00a0\u00bb#FFFFFF\u00a0\u00bb header_font_size=\u00a0\u00bb55px\u00a0\u00bb global_colors_info=\u00a0\u00bb{}\u00a0\u00bb]<\/p>\n<h1>Cadre de vie<\/h1>\n<p>[\/et_pb_text][\/et_pb_column][\/et_pb_row][\/et_pb_section][et_pb_section fb_built=\u00a0\u00bb1&Prime; admin_label=\u00a0\u00bbHeader\u00a0\u00bb _builder_version=\u00a0\u00bb4.20.0&Prime; _module_preset=\u00a0\u00bbdefault\u00a0\u00bb collapsed=\u00a0\u00bbon\u00a0\u00bb global_colors_info=\u00a0\u00bb{}\u00a0\u00bb][et_pb_row column_structure=\u00a0\u00bb1_2,1_2&Prime; _builder_version=\u00a0\u00bb4.20.0&Prime; _module_preset=\u00a0\u00bbdefault\u00a0\u00bb global_colors_info=\u00a0\u00bb{}\u00a0\u00bb][et_pb_column type=\u00a0\u00bb1_2&Prime; _builder_version=\u00a0\u00bb4.20.0&Prime; _module_preset=\u00a0\u00bbdefault\u00a0\u00bb global_colors_info=\u00a0\u00bb{}\u00a0\u00bb][et_pb_text _builder_version=\u00a0\u00bb4.27.4&Prime; _module_preset=\u00a0\u00bb_initial\u00a0\u00bb global_colors_info=\u00a0\u00bb{}\u00a0\u00bb]<\/p>\n<h1>Eau potable<\/h1>\n<p>[\/et_pb_text][et_pb_divider color=\u00a0\u00bb#4FA591&Prime; divider_weight=\u00a0\u00bb4px\u00a0\u00bb _builder_version=\u00a0\u00bb4.27.4&Prime; _module_preset=\u00a0\u00bbdefault\u00a0\u00bb max_width=\u00a0\u00bb20%\u00a0\u00bb global_colors_info=\u00a0\u00bb{}\u00a0\u00bb][\/et_pb_divider][et_pb_text _builder_version=\u00a0\u00bb4.27.4&Prime; _module_preset=\u00a0\u00bb67fcce40-abf1-4a0e-a204-9e3940126241&Prime; text_font=\u00a0\u00bb||||||||\u00a0\u00bb text_font_size=\u00a0\u00bb16px\u00a0\u00bb text_line_height=\u00a0\u00bb1.6em\u00a0\u00bb text_font_size_tablet=\u00a0\u00bb15px\u00a0\u00bb global_colors_info=\u00a0\u00bb{}\u00a0\u00bb]<\/p>\n<p>Le r\u00e9seau communal est afferm\u00e9 aupr\u00e8s de la Lyonnaise des eaux (D\u00e9l\u00e9gation de service public du r\u00e9seau).<\/p>\n<p><span>La Qualit\u00e9 de l&rsquo;eau :\u00a0<\/span><span><a href=\"https:\/\/www.toutsurmoneau.fr\/eau-dans-ma-commune\/vimpelles-77524\/qualite-de-l-eau\">https:\/\/www.toutsurmoneau.fr\/eau-dans-ma-commune\/vimpelles-77524\/qualite-de-l-eau<\/a><\/span><\/p>\n<p><span>Contact : <\/span><span>Par internet :\u00a0<\/span><span><a href=\"http:\/\/www.lyonnaise-des-eaux.fr\/\">www.lyonnaise-des-eaux.fr<\/a><\/span><\/p>\n<p>[\/et_pb_text][\/et_pb_column][et_pb_column type=\u00a0\u00bb1_2&Prime; _builder_version=\u00a0\u00bb4.20.0&Prime; _module_preset=\u00a0\u00bbdefault\u00a0\u00bb global_colors_info=\u00a0\u00bb{}\u00a0\u00bb][et_pb_image src=\u00a0\u00bbhttps:\/\/devvimpelles.albys.com\/wp-content\/uploads\/2025\/03\/Suez.png\u00a0\u00bb title_text=\u00a0\u00bbSuez\u00a0\u00bb align=\u00a0\u00bbcenter\u00a0\u00bb _builder_version=\u00a0\u00bb4.27.4&Prime; _module_preset=\u00a0\u00bbdefault\u00a0\u00bb animation_style=\u00a0\u00bbzoom\u00a0\u00bb global_colors_info=\u00a0\u00bb{}\u00a0\u00bb][\/et_pb_image][et_pb_text _builder_version=\u00a0\u00bb4.27.4&Prime; _module_preset=\u00a0\u00bb67fcce40-abf1-4a0e-a204-9e3940126241&Prime; text_font=\u00a0\u00bb||||||||\u00a0\u00bb text_font_size=\u00a0\u00bb16px\u00a0\u00bb text_line_height=\u00a0\u00bb1.6em\u00a0\u00bb text_font_size_tablet=\u00a0\u00bb15px\u00a0\u00bb global_colors_info=\u00a0\u00bb{}\u00a0\u00bb]<\/p>\n<p><span>Par courrier :<br \/>LYONNAISE DES EAUX<br \/>Service Clients<br \/>TSA 70001<br \/>54528 LAXOU CEDEX<\/span><\/p>\n<p><span>Par t\u00e9l\u00e9phone : service clients au 0977 408 408<br \/>Du lundi au vendredi de 8 h \u00e0 19 h<br \/>et le samedi de 8 h \u00e0 13 h<\/span><\/p>\n<p><span>URGENCES 24h\/24 : 0977 401 143<\/span><\/p>\n<p>[\/et_pb_text][\/et_pb_column][\/et_pb_row][et_pb_row column_structure=\u00a0\u00bb1_2,1_2&Prime; _builder_version=\u00a0\u00bb4.20.0&Prime; _module_preset=\u00a0\u00bbdefault\u00a0\u00bb locked=\u00a0\u00bboff\u00a0\u00bb global_colors_info=\u00a0\u00bb{}\u00a0\u00bb][et_pb_column type=\u00a0\u00bb1_2&Prime; _builder_version=\u00a0\u00bb4.20.0&Prime; _module_preset=\u00a0\u00bbdefault\u00a0\u00bb global_colors_info=\u00a0\u00bb{}\u00a0\u00bb][et_pb_text _builder_version=\u00a0\u00bb4.27.4&Prime; _module_preset=\u00a0\u00bb_initial\u00a0\u00bb global_colors_info=\u00a0\u00bb{}\u00a0\u00bb]<\/p>\n<h1>EDF<\/h1>\n<p>[\/et_pb_text][et_pb_divider color=\u00a0\u00bb#4FA591&Prime; divider_weight=\u00a0\u00bb4px\u00a0\u00bb _builder_version=\u00a0\u00bb4.27.4&Prime; _module_preset=\u00a0\u00bbdefault\u00a0\u00bb max_width=\u00a0\u00bb20%\u00a0\u00bb global_colors_info=\u00a0\u00bb{}\u00a0\u00bb][\/et_pb_divider][et_pb_text _builder_version=\u00a0\u00bb4.27.4&Prime; _module_preset=\u00a0\u00bb67fcce40-abf1-4a0e-a204-9e3940126241&Prime; text_font=\u00a0\u00bb||||||||\u00a0\u00bb text_font_size=\u00a0\u00bb16px\u00a0\u00bb text_line_height=\u00a0\u00bb1.6em\u00a0\u00bb text_font_size_tablet=\u00a0\u00bb15px\u00a0\u00bb global_colors_info=\u00a0\u00bb{}\u00a0\u00bb]<\/p>\n<p align=\"left\">Par t\u00e9l\u00e9phone EDF:<br \/>du lundi au samedi de 8 heures jusqu\u2019\u00e0 20 heures au <strong>09 69 32 15 15<\/strong><\/p>\n<p align=\"left\">Par courrier :<br \/>EDF SERVICES CLIENTS<br \/>TSA 20012<br \/>41975 BLOIS CEDEX 9<\/p>\n<p align=\"left\">Par Internet :<br \/><a href=\"https:\/\/particulier.edf.fr\/fr\/accueil\/connexion\/mon-espace-client.html\">espaceclient.edf.com<\/a><\/p>\n<p>[\/et_pb_text][\/et_pb_column][et_pb_column type=\u00a0\u00bb1_2&Prime; _builder_version=\u00a0\u00bb4.20.0&Prime; _module_preset=\u00a0\u00bbdefault\u00a0\u00bb global_colors_info=\u00a0\u00bb{}\u00a0\u00bb][et_pb_icon font_icon=\u00a0\u00bb&#xf0e7;||fa||900&Prime; icon_color=\u00a0\u00bb#FFF500&Prime; icon_width=\u00a0\u00bb55px\u00a0\u00bb _builder_version=\u00a0\u00bb4.27.4&Prime; _module_preset=\u00a0\u00bbdefault\u00a0\u00bb global_colors_info=\u00a0\u00bb{}\u00a0\u00bb][\/et_pb_icon][et_pb_text _builder_version=\u00a0\u00bb4.27.4&Prime; _module_preset=\u00a0\u00bb67fcce40-abf1-4a0e-a204-9e3940126241&Prime; text_font=\u00a0\u00bb||||||||\u00a0\u00bb text_font_size=\u00a0\u00bb16px\u00a0\u00bb text_line_height=\u00a0\u00bb1.6em\u00a0\u00bb text_font_size_tablet=\u00a0\u00bb15px\u00a0\u00bb global_colors_info=\u00a0\u00bb{}\u00a0\u00bb]<\/p>\n<p align=\"left\">URGENCE DEPANNAGE ELECTRICITE : Enedis (ancien ERDF)<br \/>Une rue sans courant, un accident \u00e9lectrique sur un poteau, un c\u00e2ble tomb\u00e9 \u00e0 terre\u2026<\/p>\n<p align=\"left\">0 969 321 833<\/p>\n<p align=\"left\"><a href=\"http:\/\/www.enedis.fr\/\">http:\/\/www.enedis.fr\/<\/a><\/p>\n<p align=\"left\">Pour tout renseignement concernant une d\u00e9claration de travaux, un raccordement, une mise en service d\u2019une installation, un branchement provisoire, un d\u00e9placement d\u2019ouvrage ou l\u2019\u00e9lagage pr\u00e8s des lignes \u2026 consulter la Mairie qui vous aidera dans vos d\u00e9marches.<\/p>\n<p>[\/et_pb_text][\/et_pb_column][\/et_pb_row][\/et_pb_section][et_pb_section fb_built=\u00a0\u00bb1&Prime; _builder_version=\u00a0\u00bb4.27.4&Prime; _module_preset=\u00a0\u00bbdefault\u00a0\u00bb background_color=\u00a0\u00bb#EEF8FF\u00a0\u00bb global_colors_info=\u00a0\u00bb{}\u00a0\u00bb][et_pb_row column_structure=\u00a0\u00bb1_2,1_2&Prime; _builder_version=\u00a0\u00bb4.20.0&Prime; _module_preset=\u00a0\u00bbdefault\u00a0\u00bb global_colors_info=\u00a0\u00bb{}\u00a0\u00bb][et_pb_column type=\u00a0\u00bb1_2&Prime; _builder_version=\u00a0\u00bb4.20.0&Prime; _module_preset=\u00a0\u00bbdefault\u00a0\u00bb global_colors_info=\u00a0\u00bb{}\u00a0\u00bb][et_pb_text _builder_version=\u00a0\u00bb4.27.4&Prime; _module_preset=\u00a0\u00bb_initial\u00a0\u00bb global_colors_info=\u00a0\u00bb{}\u00a0\u00bb]<\/p>\n<h1><span>Collecte des ordures m\u00e9nag\u00e8res\u00a0<\/span><\/h1>\n<p>[\/et_pb_text][et_pb_divider color=\u00a0\u00bb#4FA591&Prime; divider_weight=\u00a0\u00bb4px\u00a0\u00bb _builder_version=\u00a0\u00bb4.27.4&Prime; _module_preset=\u00a0\u00bbdefault\u00a0\u00bb max_width=\u00a0\u00bb20%\u00a0\u00bb global_colors_info=\u00a0\u00bb{}\u00a0\u00bb][\/et_pb_divider][et_pb_text _builder_version=\u00a0\u00bb4.27.4&Prime; _module_preset=\u00a0\u00bb67fcce40-abf1-4a0e-a204-9e3940126241&Prime; text_font=\u00a0\u00bb||||||||\u00a0\u00bb text_font_size=\u00a0\u00bb16px\u00a0\u00bb text_line_height=\u00a0\u00bb1.6em\u00a0\u00bb text_font_size_tablet=\u00a0\u00bb15px\u00a0\u00bb global_colors_info=\u00a0\u00bb{}\u00a0\u00bb]<\/p>\n<p style=\"text-align: justify;\"><span>Vous l\u2019avez \u00e9gar\u00e9 ou vous venez d\u2019arriver dans la commune<\/span><span><br \/><\/span><span>Le calendrier de ramassage des ordures m\u00e9nag\u00e8res est \u00e0 votre disposition ici (lien sur le <\/span><span>pdf<\/span><span>):\u00a0\u00a0 <\/span><span><a href=\"https:\/\/www.smetom-geeode.fr\/wp-content\/uploads\/2024\/12\/14.pdf\">https:\/\/www.smetom-geeode.fr\/wp-content\/uploads\/2024\/12\/14.pdf<\/a><\/span><\/p>\n<p style=\"text-align: justify;\"><span>Le ramassage des ordures m\u00e9nag\u00e8res \u2013 bac \u00e0 \u00ab couvercle bordeaux \u00bb s\u2019effectue tous les lundis \u2013 vous devez sortir votre bac le dimanche soir<\/span><span><br \/><\/span><span>Le ramassage des tris s\u00e9lectifs \u2013 bac \u00e0 \u00ab couvercle jaune \u00bb s\u2019effectue tous les vendredis \u2013vous devez sortir votre bac le jeudi soir<\/span><span><br \/><\/span><span>Le d\u00e9p\u00f4t des sacs d\u2019ordures m\u00e9nag\u00e8res en dehors de vos conteneurs est interdit.<\/span><\/p>\n<p style=\"text-align: justify;\"><span>Des conteneurs semi-enterr\u00e9s sont \u00e0 votre disposition, au bout du terrain de p\u00e9tanque \u00e0 Vimpelles et au Ch\u00e2teau d\u2019eau de Cutrelles :<\/span><\/p>\n<p style=\"text-align: justify;\"><span>Le premier bac est un bac pour les ordures m\u00e9nag\u00e8res<br \/>Le deuxi\u00e8me bac est celui qui accueille le tri s\u00e9lectif \u2013 bac jaune<br \/>Le dernier accueille les verres\u00a0 <\/span><\/p>\n<p style=\"text-align: justify;\"><span>Ne rien d\u00e9poser \u00e0 cot\u00e9 des bacs<\/span><\/p>\n<p>[\/et_pb_text][\/et_pb_column][et_pb_column type=\u00a0\u00bb1_2&Prime; _builder_version=\u00a0\u00bb4.20.0&Prime; _module_preset=\u00a0\u00bbdefault\u00a0\u00bb global_colors_info=\u00a0\u00bb{}\u00a0\u00bb][et_pb_image src=\u00a0\u00bbhttps:\/\/devvimpelles.albys.com\/wp-content\/uploads\/2025\/03\/Smetom.png\u00a0\u00bb title_text=\u00a0\u00bbSmetom\u00a0\u00bb align=\u00a0\u00bbcenter\u00a0\u00bb _builder_version=\u00a0\u00bb4.27.4&Prime; _module_preset=\u00a0\u00bbdefault\u00a0\u00bb animation_style=\u00a0\u00bbzoom\u00a0\u00bb global_colors_info=\u00a0\u00bb{}\u00a0\u00bb][\/et_pb_image][et_pb_text _builder_version=\u00a0\u00bb4.27.4&Prime; _module_preset=\u00a0\u00bbdefault\u00a0\u00bb global_colors_info=\u00a0\u00bb{}\u00a0\u00bb]<\/p>\n<p><span>D\u00c9CHETTERIE DE BRAY-SUR-SEINE<\/span><\/p>\n<p><span>ZI &#8211; Rue A. Einstein<br \/>77\u00a0114 Bray-sur-Seine<\/span><\/p>\n<p><span>Horaires :<\/span><\/p>\n<p><span>Lundi : 14h00 &#8211; 17h00<br \/>Mardi : 9h00 &#8211; 12h30 et 14h00 &#8211; 17h00<br \/>Mercredi : 9h00 &#8211; 12h30 et 14h00 &#8211; 17h00<br \/>Jeudi : Ferm\u00e9<br \/>Vendredi : 9h00 &#8211; 12h30 et 14h00 &#8211; 17h00<br \/>Samedi : 8h30 et 14h20<br \/>Dimanche : Ferm\u00e9<\/span><span><\/span><\/p>\n<p>[\/et_pb_text][et_pb_button button_url=\u00a0\u00bbhttps:\/\/www.smetom-geeode.fr\/\u00a0\u00bb button_text=\u00a0\u00bbSite internet\u00a0\u00bb button_alignment=\u00a0\u00bbcenter\u00a0\u00bb _builder_version=\u00a0\u00bb4.27.4&Prime; _module_preset=\u00a0\u00bbdefault\u00a0\u00bb button_bg_color=\u00a0\u00bb#4FA591&Prime; global_colors_info=\u00a0\u00bb{}\u00a0\u00bb][\/et_pb_button][\/et_pb_column][\/et_pb_row][et_pb_row column_structure=\u00a0\u00bb1_2,1_2&Prime; _builder_version=\u00a0\u00bb4.27.4&Prime; _module_preset=\u00a0\u00bbdefault\u00a0\u00bb global_colors_info=\u00a0\u00bb{}\u00a0\u00bb][et_pb_column type=\u00a0\u00bb1_2&Prime; _builder_version=\u00a0\u00bb4.27.4&Prime; _module_preset=\u00a0\u00bbdefault\u00a0\u00bb global_colors_info=\u00a0\u00bb{}\u00a0\u00bb][et_pb_text _builder_version=\u00a0\u00bb4.27.4&Prime; _module_preset=\u00a0\u00bbdefault\u00a0\u00bb global_colors_info=\u00a0\u00bb{}\u00a0\u00bb]<\/p>\n<p><em>BRULAGE DES DECHETS MENAGERS :\u00a0<\/em><\/p>\n<p><span>Les particuliers n\u2019ont pas le droit de br\u00fbler leurs d\u00e9chets m\u00e9nagers \u00e0 l\u2019air libre.<\/span><br \/><span>Les d\u00e9chets dits \u00ab\u00a0verts\u00a0\u00bb produits par les particuliers sont consid\u00e9r\u00e9s comme des d\u00e9chets m\u00e9nagers.<\/span><br \/><span>A ce titre, il est notamment interdit de br\u00fbler dans son jardin :<\/span><\/p>\n<p><span>\u2022 L\u2019herbe issue de la tonte de pelouse,<\/span><br \/><span>\u2022 Les feuilles mortes,<\/span><br \/><span>\u2022 Les r\u00e9sidus d\u2019\u00e9lagage,<\/span><br \/><span>\u2022 Les r\u00e9sidus de taille de haies et arbustes,<\/span><br \/><span>\u2022 Les r\u00e9sidus de d\u00e9broussaillage,<\/span><br \/><span>\u2022 Les \u00e9pluchures<\/span><br \/><span>\u2022 Tous autres d\u00e9chets organiques ou non (papiers, cartons, v\u00eatements\u2026)<\/span><\/p>\n<p><span>\u00c0 savoir : Les d\u00e9chets verts doivent \u00eatre d\u00e9pos\u00e9s en d\u00e9chetterie. Ils peuvent \u00e9galement faire l\u2019objet d\u2019un compostage individuel.<\/span><\/p>\n<p><span>Sanctions<\/span><br \/><span>Les services de la mairie peuvent \u00eatre saisis lorsqu\u2019une personne ne respecte pas l\u2019interdiction.<\/span><br \/><span>Br\u00fbler ses d\u00e9chets verts dans son jardin peut \u00eatre puni d\u2019une amende pouvant aller jusqu\u2019\u00e0 450 \u20ac.<\/span><\/p>\n<p><span>\u00c0 noter : Les voisins incommod\u00e9s par les odeurs peuvent par ailleurs engager la responsabilit\u00e9 de l\u2019auteur du br\u00fblage pour nuisances olfactives.<\/span><\/p>\n<p><span>POUR INFO : Le SMETOM propose \u00e0 l\u2019achat des bacs composteurs de diff\u00e9rentes dimensions.\u00a0<\/span><\/p>\n<p>[\/et_pb_text][\/et_pb_column][et_pb_column type=\u00a0\u00bb1_2&Prime; _builder_version=\u00a0\u00bb4.27.4&Prime; _module_preset=\u00a0\u00bbdefault\u00a0\u00bb global_colors_info=\u00a0\u00bb{}\u00a0\u00bb][et_pb_image src=\u00a0\u00bbhttps:\/\/devvimpelles.albys.com\/wp-content\/uploads\/2025\/03\/dechetterie.png\u00a0\u00bb title_text=\u00a0\u00bbdechetterie\u00a0\u00bb align=\u00a0\u00bbcenter\u00a0\u00bb _builder_version=\u00a0\u00bb4.27.4&Prime; _module_preset=\u00a0\u00bbdefault\u00a0\u00bb animation_style=\u00a0\u00bbzoom\u00a0\u00bb global_colors_info=\u00a0\u00bb{}\u00a0\u00bb][\/et_pb_image][\/et_pb_column][\/et_pb_row][\/et_pb_section][et_pb_section fb_built=\u00a0\u00bb1&Prime; _builder_version=\u00a0\u00bb4.27.4&Prime; _module_preset=\u00a0\u00bbdefault\u00a0\u00bb global_colors_info=\u00a0\u00bb{}\u00a0\u00bb][et_pb_row column_structure=\u00a0\u00bb1_2,1_2&Prime; _builder_version=\u00a0\u00bb4.20.0&Prime; _module_preset=\u00a0\u00bbdefault\u00a0\u00bb locked=\u00a0\u00bboff\u00a0\u00bb global_colors_info=\u00a0\u00bb{}\u00a0\u00bb][et_pb_column type=\u00a0\u00bb1_2&Prime; _builder_version=\u00a0\u00bb4.20.0&Prime; _module_preset=\u00a0\u00bbdefault\u00a0\u00bb global_colors_info=\u00a0\u00bb{}\u00a0\u00bb][et_pb_text _builder_version=\u00a0\u00bb4.27.4&Prime; _module_preset=\u00a0\u00bb_initial\u00a0\u00bb global_colors_info=\u00a0\u00bb{}\u00a0\u00bb]<\/p>\n<h1>Nuisances sonores<\/h1>\n<p>[\/et_pb_text][et_pb_divider color=\u00a0\u00bb#4FA591&Prime; divider_weight=\u00a0\u00bb4px\u00a0\u00bb _builder_version=\u00a0\u00bb4.27.4&Prime; _module_preset=\u00a0\u00bbdefault\u00a0\u00bb max_width=\u00a0\u00bb20%\u00a0\u00bb global_colors_info=\u00a0\u00bb{}\u00a0\u00bb][\/et_pb_divider][et_pb_icon font_icon=\u00a0\u00bb&#xf0a1;||fa||900&Prime; icon_color=\u00a0\u00bb#FFF500&Prime; icon_width=\u00a0\u00bb55px\u00a0\u00bb _builder_version=\u00a0\u00bb4.27.4&Prime; _module_preset=\u00a0\u00bbdefault\u00a0\u00bb global_colors_info=\u00a0\u00bb{}\u00a0\u00bb][\/et_pb_icon][et_pb_text _builder_version=\u00a0\u00bb4.27.4&Prime; _module_preset=\u00a0\u00bbdefault\u00a0\u00bb global_colors_info=\u00a0\u00bb{}\u00a0\u00bb]<\/p>\n<p>Les horaires pour tondre la pelouse, tailler les haies et effectuer tous types de travaux bruyants sont les suivants :\u00a0<\/p>\n<p>JOURS OUVRABLES : 8h30 \u00e0 12h et de 14h \u00e0 20h<\/p>\n<p>SAMEDIS : 9h \u00e0 12h et de 14h \u00e0 19h\u00a0<\/p>\n<p>DIMANCHES ET JOURS F\u00c9RI\u00c9S : de 10h \u00e0 12h<\/p>\n<p>&nbsp;<\/p>\n<p>[\/et_pb_text][\/et_pb_column][et_pb_column type=\u00a0\u00bb1_2&Prime; _builder_version=\u00a0\u00bb4.20.0&Prime; _module_preset=\u00a0\u00bbdefault\u00a0\u00bb global_colors_info=\u00a0\u00bb{}\u00a0\u00bb][\/et_pb_column][\/et_pb_row][\/et_pb_section]<\/p>\n","protected":false},"excerpt":{"rendered":"<p>Cadre de vieEau potableLe r\u00e9seau communal est afferm\u00e9 aupr\u00e8s de la Lyonnaise des eaux (D\u00e9l\u00e9gation de service public du r\u00e9seau). La Qualit\u00e9 de l&rsquo;eau :\u00a0https:\/\/www.toutsurmoneau.fr\/eau-dans-ma-commune\/vimpelles-77524\/qualite-de-l-eau Contact : Par internet :\u00a0www.lyonnaise-des-eaux.frPar courrier :LYONNAISE DES EAUXService ClientsTSA 7000154528 LAXOU CEDEX Par t\u00e9l\u00e9phone : service clients au 0977 408 408Du lundi au vendredi de 8 h \u00e0 19 [&hellip;]<\/p>\n","protected":false},"author":1,"featured_media":0,"parent":0,"menu_order":0,"comment_status":"closed","ping_status":"closed","template":"","meta":{"_et_pb_use_builder":"on","_et_pb_old_content":"","_et_gb_content_width":"","footnotes":""},"class_list":["post-233","page","type-page","status-publish","hentry"],"_links":{"self":[{"href":"https:\/\/mairie-vimpelles.fr\/index.php\/wp-json\/wp\/v2\/pages\/233","targetHints":{"allow":["GET"]}}],"collection":[{"href":"https:\/\/mairie-vimpelles.fr\/index.php\/wp-json\/wp\/v2\/pages"}],"about":[{"href":"https:\/\/mairie-vimpelles.fr\/index.php\/wp-json\/wp\/v2\/types\/page"}],"author":[{"embeddable":true,"href":"https:\/\/mairie-vimpelles.fr\/index.php\/wp-json\/wp\/v2\/users\/1"}],"replies":[{"embeddable":true,"href":"https:\/\/mairie-vimpelles.fr\/index.php\/wp-json\/wp\/v2\/comments?post=233"}],"version-history":[{"count":18,"href":"https:\/\/mairie-vimpelles.fr\/index.php\/wp-json\/wp\/v2\/pages\/233\/revisions"}],"predecessor-version":[{"id":1098,"href":"https:\/\/mairie-vimpelles.fr\/index.php\/wp-json\/wp\/v2\/pages\/233\/revisions\/1098"}],"wp:attachment":[{"href":"https:\/\/mairie-vimpelles.fr\/index.php\/wp-json\/wp\/v2\/media?parent=233"}],"curies":[{"name":"wp","href":"https:\/\/api.w.org\/{rel}","templated":true}]}}